{"id":3,"date":"2023-11-04T20:16:09","date_gmt":"2023-11-04T20:16:09","guid":{"rendered":"http:\/\/6pekk.hu\/?page_id=3"},"modified":"2024-05-13T08:29:23","modified_gmt":"2024-05-13T07:29:23","slug":"privacy-policy","status":"publish","type":"page","link":"https:\/\/6pekk.hu\/en\/privacy-policy\/","title":{"rendered":"Terms and Conditions"},"content":{"rendered":"<div data-elementor-type=\"wp-page\" data-elementor-id=\"3\" class=\"elementor elementor-3\">\n\t\t\t\t<div class=\"elementor-element elementor-element-779827d e-flex e-con-boxed e-con e-parent\" data-id=\"779827d\" data-element_type=\"container\" data-core-v316-plus=\"true\">\n\t\t\t\t\t<div class=\"e-con-inner\">\n\t\t\t\t<div class=\"elementor-element elementor-element-146575f1 elementor-widget elementor-widget-text-editor\" data-id=\"146575f1\" data-element_type=\"widget\" data-widget_type=\"text-editor.default\">\n\t\t\t\t<div class=\"elementor-widget-container\">\n\t\t\t<style>\/*! elementor - v3.20.0 - 26-03-2024 *\/\n.elementor-widget-text-editor.elementor-drop-cap-view-stacked .elementor-drop-cap{background-color:#69727d;color:#fff}.elementor-widget-text-editor.elementor-drop-cap-view-framed .elementor-drop-cap{color:#69727d;border:3px solid;background-color:transparent}.elementor-widget-text-editor:not(.elementor-drop-cap-view-default) .elementor-drop-cap{margin-top:8px}.elementor-widget-text-editor:not(.elementor-drop-cap-view-default) .elementor-drop-cap-letter{width:1em;height:1em}.elementor-widget-text-editor .elementor-drop-cap{float:left;text-align:center;line-height:1;font-size:50px}.elementor-widget-text-editor .elementor-drop-cap-letter{display:inline-block}<\/style>\t\t\t\t<p style=\"font-weight: 400;\"><strong>6PEKK<\/strong><\/p>\n<p style=\"font-weight: 400;\"><strong>-\u00c1LTAL\u00c1NOS SZERZ\u0150D\u00c9SI FELT\u00c9TELEK-<\/strong><\/p>\n<p style=\"font-weight: 400;\">Jelen dokumentum alapj\u00e1n l\u00e9trej\u00f6tt szerz\u0151d\u00e9s nem ker\u00fcl iktat\u00e1sra (ut\u00f3lag nem hozz\u00e1f\u00e9rhet\u0151, a szerz\u0151d\u00e9s megk\u00f6t\u00e9s\u00e9t a rendel\u00e9si adatok bizony\u00edtj\u00e1k), kiz\u00e1r\u00f3lag elektronikus form\u00e1ban ker\u00fcl megk\u00f6t\u00e9sre, nem min\u0151s\u00fcl \u00edr\u00e1sbeli szerz\u0151d\u00e9snek, magyar nyelven \u00edr\u00f3dik. A weboldal m\u0171k\u00f6d\u00e9s\u00e9vel, megrendel\u00e9si folyamat\u00e1val kapcsolatosan a lent megadott el\u00e9rhet\u0151s\u00e9gen \u00e1llunk az \u00d6n\u00f6k rendelkez\u00e9s\u00e9re.<\/p>\n<p style=\"font-weight: 400;\">Jelen \u00c1ltal\u00e1nos Szerz\u0151d\u00e9si Felt\u00e9telek (a tov\u00e1bbiakban: \u201e<strong>\u00c1SZF<\/strong>\u201d) hat\u00e1lya az 1. pontban meghat\u00e1rozott szolg\u00e1ltat\u00f3 weblapj\u00e1n (www.6pekk.hu) megval\u00f3sul\u00f3 jogviszonyokra terjed ki.<\/p>\n<ol>\n<li><strong><u>Fogalommagyar\u00e1zat<\/u><\/strong>\n<ul>\n<li><strong>Adatv\u00e9delmi szab\u00e1lyzat: <\/strong>jelenti Szolg\u00e1ltat\u00f3 adatv\u00e9delmi szab\u00e1lyzat\u00e1t.<\/li>\n<li><strong>\u00c1SZF (\u00e1ltal\u00e1nos szerz\u0151d\u00e9si felt\u00e9telek): <\/strong>jelenti a jelen szerz\u0151d\u00e9si felt\u00e9teleket.<\/li>\n<li><strong>: <\/strong>az elektronikus kereskedelmi szolg\u00e1ltat\u00e1sok, valamint az inform\u00e1ci\u00f3s t\u00e1rsadalommal \u00f6sszef\u00fcgg\u0151 szolg\u00e1ltat\u00e1sok egyes k\u00e9rd\u00e9seir\u0151l sz\u00f3l\u00f3 2001. \u00e9vi CVIII. t\u00f6rv\u00e9ny.<\/li>\n<li><strong>Felhaszn\u00e1l\u00f3:<\/strong> B\u00e1rmely term\u00e9szetes vagy jogi szem\u00e9ly \u00e9s szervezet, aki Szolg\u00e1ltat\u00f3 szolg\u00e1ltat\u00e1sait ig\u00e9nybe veszi, Szolg\u00e1ltat\u00f3val szerz\u0151d\u00e9st k\u00f6t.<\/li>\n<li><strong>Fogyaszt\u00f3: <\/strong>Olyan Felhaszn\u00e1l\u00f3, aki a szakm\u00e1ja, \u00f6n\u00e1ll\u00f3 foglalkoz\u00e1sa vagy \u00fczleti tev\u00e9kenys\u00e9ge k\u00f6r\u00e9n k\u00edv\u00fcl elj\u00e1r\u00f3 term\u00e9szetes szem\u00e9ly.<\/li>\n<li><strong>Gazd\u00e1lkod\u00f3 szervezet<\/strong>: a gazdas\u00e1gi t\u00e1rsas\u00e1g, az eur\u00f3pai r\u00e9szv\u00e9nyt\u00e1rsas\u00e1g, az egyes\u00fcl\u00e9s, az eur\u00f3pai gazdas\u00e1gi egyes\u00fcl\u00e9s, az eur\u00f3pai ter\u00fcleti t\u00e1rsul\u00e1s, a sz\u00f6vetkezet, a lak\u00e1ssz\u00f6vetkezet, az eur\u00f3pai sz\u00f6vetkezet, a v\u00edzgazd\u00e1lkod\u00e1si t\u00e1rsulat, az erd\u0151birtokoss\u00e1gi t\u00e1rsulat, az \u00e1llami v\u00e1llalat, az egy\u00e9b \u00e1llami gazd\u00e1lkod\u00f3 szerv, az egyes jogi szem\u00e9lyek v\u00e1llalata, a k\u00f6z\u00f6s v\u00e1llalat, a v\u00e9grehajt\u00f3i iroda, a k\u00f6zjegyz\u0151i iroda, az \u00fcgyv\u00e9di iroda, a szabadalmi \u00fcgyviv\u0151i iroda, az \u00f6nk\u00e9ntes k\u00f6lcs\u00f6n\u00f6s biztos\u00edt\u00f3 p\u00e9nzt\u00e1r, a mag\u00e1nnyugd\u00edjp\u00e9nzt\u00e1r, az egy\u00e9ni c\u00e9g, tov\u00e1bb\u00e1 az egy\u00e9ni v\u00e1llalkoz\u00f3. Az \u00e1llam, a helyi \u00f6nkorm\u00e1nyzat, a k\u00f6lts\u00e9gvet\u00e9si szerv, az egyes\u00fclet, a k\u00f6ztest\u00fclet, valamint az alap\u00edtv\u00e1ny gazd\u00e1lkod\u00f3 tev\u00e9kenys\u00e9g\u00e9vel \u00f6sszef\u00fcgg\u0151 polg\u00e1ri jogi kapcsolataira is a gazd\u00e1lkod\u00f3 szervezetre vonatkoz\u00f3 rendelkez\u00e9seket kell alkalmazni.<\/li>\n<li><strong>H\u00f3nap<\/strong>: a napt\u00e1ri h\u00f3napnak megfelel\u0151 id\u0151tartam.<\/li>\n<li><strong>L\u00e1togat\u00f3:<\/strong> azon szem\u00e9ly, aki az Oldalt regisztr\u00e1ci\u00f3 n\u00e9lk\u00fcl haszn\u00e1lja. Egyedi \u00e1raj\u00e1nlat k\u00e9r\u00e9s\u00e9re jogosult, azonban a k\u00e9r\u00e9s bek\u00fcld\u00e9s\u00e9vel automatikusan megt\u00f6rt\u00e9nik a regisztr\u00e1ci\u00f3, \u00e9s ezzel Felhaszn\u00e1l\u00f3v\u00e1 v\u00e1lik.<\/li>\n<li><strong>Oldal<\/strong>: <a href=\"https:\/\/6pekk.hu\/en\/\">6pekk.hu<\/a><\/li>\n<li><strong>Ptk<\/strong>.: a Polg\u00e1ri T\u00f6rv\u00e9nyk\u00f6nyvr\u0151l sz\u00f3l\u00f3 2013. \u00e9vi V. t\u00f6rv\u00e9ny.<\/li>\n<li><strong>Szellemi tulajdonjog<\/strong>: az Oldal teljes tartalm\u00e1ra vonatkoz\u00f3 szellemi tulajdonjogok, bele\u00e9rtve \u2013 korl\u00e1toz\u00e1s n\u00e9lk\u00fcl \u2013 a fi\u00f3kokat, sz\u00e1m\u00edt\u00f3g\u00e9pes k\u00f3dokat, illusztr\u00e1ci\u00f3kat, design \u00e9s grafikai elemeket, anim\u00e1ci\u00f3kat, hangeffektusokat, zenei kompoz\u00edci\u00f3kat \u00e9s -felv\u00e9teleket, know-howt, \u00e9s minden egy\u00e9b szellemi vagy szerz\u0151i jogi v\u00e9delem al\u00e1 es\u0151 term\u00e9ket.<\/li>\n<li><strong>Szolg\u00e1ltat\u00e1s: <\/strong>az Oldalon a Szolg\u00e1ltat\u00f3 \u00e1ltal saj\u00e1t term\u00e9keinek\/\u00e1ruinak, szolg\u00e1ltat\u00e1sainak \u00e9rt\u00e9kes\u00edt\u00e9s\u00e9re vonatkoz\u00f3 szolg\u00e1ltat\u00e1s.<\/li>\n<li><strong>Szjt<\/strong>.: a szerz\u0151i jogr\u00f3l sz\u00f3l\u00f3 1999. \u00e9vi LXXVI. t\u00f6rv\u00e9ny.<\/li>\n<li><strong>Szolg\u00e1ltat\u00f3:<\/strong> Az inform\u00e1ci\u00f3s t\u00e1rsadalommal \u00f6sszef\u00fcgg\u0151 szolg\u00e1ltat\u00e1st ny\u00fajt\u00f3 term\u00e9szetes, illetve jogi szem\u00e9ly vagy jogi szem\u00e9lyis\u00e9g n\u00e9lk\u00fcli szervezet, aki a Felhaszn\u00e1l\u00f3 r\u00e9sz\u00e9re szolg\u00e1ltat\u00e1st ny\u00fajt, aki a Felhaszn\u00e1l\u00f3val szerz\u0151d\u00e9st k\u00f6t. Szolg\u00e1ltat\u00f3 adatai: Tekeres S\u00e1ndor Csaba egy\u00e9ni v\u00e1llalkoz\u00f3; sz\u00e9khelye: 2454 Iv\u00e1ncsa, F\u0151 utca 170.; ad\u00f3sz\u00e1ma: 53670827-1-27, nyilv\u00e1ntart\u00e1si sz\u00e1m: 58780550; Szolg\u00e1ltat\u00f3 telefonsz\u00e1ma: +36 30 360 0823.<\/li>\n<li><strong>T\u00e1rhely szolg\u00e1ltat\u00f3: <\/strong>N\u00e9v: Rackforest Zrt. Sz\u00e9khely: 1132 Budapest, Victor Hugo utca 11. 5. em. B05001. ajt\u00f3 Ad\u00f3sz\u00e1m: 32056842-2-41, C\u00e9gjegyz\u00e9ksz\u00e1m: 01-10-142004; Email: <a href=\"mailto:info@rackforest.com\">info@rackforest.com<\/a><\/li>\n<li><strong>V\u00e1llalkoz\u00e1s:<\/strong> A szakm\u00e1ja, \u00f6n\u00e1ll\u00f3 foglalkoz\u00e1sa vagy \u00fczleti tev\u00e9kenys\u00e9ge k\u00f6r\u00e9ben elj\u00e1r\u00f3 szem\u00e9ly.<\/li>\n<\/ul>\n<\/li>\n<li><strong><u>Alapvet\u0151 rendelkez\u00e9sek<\/u><\/strong>\n<ul>\n<li>Jelen \u00c1SZF tartalmazza az Oldalon el\u00e9rhet\u0151 online \u00e1ruh\u00e1zban a Szolg\u00e1ltat\u00f3 saj\u00e1t szolg\u00e1ltat\u00e1sainak \u00e9rt\u00e9kes\u00edt\u00e9s\u00e9re vonatkoz\u00f3 szab\u00e1lyokat.<\/li>\n<li>A L\u00e1togat\u00f3 az Oldal haszn\u00e1lat\u00e1val tudom\u00e1sul veszi \u00e9s elfogadja a jelen \u00c1SZF-ben foglaltakat. A jelen \u00c1SZF \u00e9s az Oldalon el\u00e9rhet\u0151 t\u00e1j\u00e9koztat\u00f3k, valamint egy\u00e9b inform\u00e1ci\u00f3k a Szolg\u00e1ltat\u00f3 \u00e9s L\u00e1togat\u00f3 k\u00f6z\u00f6tti szerz\u0151d\u00e9s teljes tartalm\u00e1t mag\u00e1ban foglalj\u00e1k.<\/li>\n<li>Az Oldalon kereszt\u00fcl a Szolg\u00e1ltat\u00f3 saj\u00e1t szolg\u00e1ltat\u00e1sainak kiskereskedelmi \u00e9rt\u00e9kes\u00edt\u00e9s\u00e9t v\u00e9gzi.<\/li>\n<li>Szolg\u00e1ltat\u00f3 kiz\u00e1r minden felel\u0151ss\u00e9get az Oldal l\u00e1togat\u00f3i \u00e1ltal tan\u00fas\u00edtott magatart\u00e1s\u00e9rt.<\/li>\n<li>Az Oldalon el\u00e9rhet\u0151 Szolg\u00e1ltat\u00e1sokat kiz\u00e1r\u00f3lag cselekv\u0151k\u00e9pes term\u00e9szetes szem\u00e9ly \u00e9s Gazd\u00e1lkod\u00f3 szervezet veheti ig\u00e9nybe. A Szolg\u00e1ltat\u00e1s ig\u00e9nybev\u00e9tel\u00e9vel, \u00edgy k\u00fcl\u00f6n\u00f6sen felhaszn\u00e1l\u00f3i fi\u00f3k l\u00e9trehoz\u00e1sa eset\u00e9n a Regisztr\u00e1ci\u00f3val, illetve a Szolg\u00e1ltat\u00e1s megrendel\u00e9s\u00e9vel a L\u00e1togat\u00f3 elismeri, hogy teljes cselekv\u0151k\u00e9pess\u00e9ggel rendelkez\u0151 term\u00e9szetes szem\u00e9ly, vagy olyan gazd\u00e1lkod\u00f3 szervezet, amely k\u00e9pviselet\u00e9re jogosult k\u00e9pvisel\u0151je \u00e1ltal j\u00e1r el. A Regisztr\u00e1ci\u00f3, illetve megrendel\u00e9s folyam\u00e1n a L\u00e1togat\u00f3 k\u00f6teles a hozz\u00e1 k\u00f6thet\u0151, val\u00f3s adatokat megadni. Amennyiben Szolg\u00e1ltat\u00f3 tudom\u00e1s\u00e1ra jut, hogy a L\u00e1togat\u00f3 \u00e1ltal megadott adatok nem vagy nem teljesen val\u00f3sak, jogosult a L\u00e1togat\u00f3 hozz\u00e1f\u00e9r\u00e9s\u00e9t r\u00e9szlegesen, vagy teljes eg\u00e9sz\u00e9ben korl\u00e1tozni, illetve a Felhaszn\u00e1l\u00f3t az Oldal haszn\u00e1lat\u00e1b\u00f3l a felhaszn\u00e1l\u00f3i fi\u00f3k t\u00f6rl\u00e9s\u00e9vel kiz\u00e1rni. Az eredm\u00e9nyes Regisztr\u00e1ci\u00f3 sor\u00e1n a Szolg\u00e1ltat\u00f3 l\u00e9trehozza Felhaszn\u00e1l\u00f3 felhaszn\u00e1l\u00f3i fi\u00f3kj\u00e1t. B\u00e1rmilyen hib\u00e1s, hi\u00e1nyos vagy a val\u00f3s\u00e1gnak nem megfelel\u0151 adatszolg\u00e1ltat\u00e1s\u00e9rt a L\u00e1togat\u00f3 teljes felel\u0151ss\u00e9ggel tartozik, az ebb\u0151l fakad\u00f3 esem\u00e9nyek\u00e9rt \u00e9s k\u00f6vetkezm\u00e9nyek\u00e9rt val\u00f3 felel\u0151ss\u00e9g\u00e9t Szolg\u00e1ltat\u00f3 teljes m\u00e9rt\u00e9kben kiz\u00e1rja.<\/li>\n<li>A L\u00e1togat\u00f3 az Oldal haszn\u00e1lat\u00e1nak megkezd\u00e9s\u00e9vel, illetve felhaszn\u00e1l\u00f3i fi\u00f3k l\u00e9trehoz\u00e1sa eset\u00e9n, a Regisztr\u00e1ci\u00f3 sor\u00e1n, tov\u00e1bb\u00e1 a Szolg\u00e1ltat\u00e1sok megrendel\u00e9se sor\u00e1n tett kifejezett nyilatkozattal elfogadja \u00e9s mag\u00e1ra n\u00e9zve k\u00f6telez\u0151nek ismeri el a jelen \u00c1SZF \u00e9s az annak r\u00e9sz\u00e9t k\u00e9pez\u0151 Adatv\u00e9delmi szab\u00e1lyzat rendelkez\u00e9seit, tov\u00e1bb\u00e1 k\u00f6telezetts\u00e9get v\u00e1llal az \u00c1SZF betart\u00e1s\u00e1ra.<\/li>\n<li>Az Oldalt minden L\u00e1togat\u00f3 kiz\u00e1r\u00f3lag a saj\u00e1t kock\u00e1zat\u00e1ra \u00e9s felel\u0151ss\u00e9g\u00e9re haszn\u00e1lhatja.<\/li>\n<li>Az a jogosult, akinek az Szjt. \u00e1ltal v\u00e9dett szerz\u0151i m\u0171v\u00e9n, el\u0151ad\u00e1s\u00e1n, hangfelv\u00e9tel\u00e9n, m\u0171sor\u00e1n, audiovizu\u00e1lis m\u0171v\u00e9n, adatb\u00e1zis\u00e1n fenn\u00e1ll\u00f3 jog\u00e1t, tov\u00e1bb\u00e1 a v\u00e9djegyek \u00e9s a f\u00f6ldrajzi \u00e1rujelz\u0151k oltalm\u00e1r\u00f3l sz\u00f3l\u00f3 t\u00f6rv\u00e9nyben meghat\u00e1rozott, a v\u00e9djegyoltalomb\u00f3l ered\u0151 kiz\u00e1r\u00f3lagos jog\u00e1t a Szolg\u00e1ltat\u00f3 \u00e1ltal hozz\u00e1f\u00e9rhet\u0151v\u00e9 tett inform\u00e1ci\u00f3 &#8211; ide nem \u00e9rtve a hozz\u00e1f\u00e9rhet\u0151v\u00e9 tett inform\u00e1ci\u00f3 szabv\u00e1nyos\u00edtott c\u00edm\u00e9t &#8211; s\u00e9rti, teljes bizony\u00edt\u00f3 erej\u0171 mag\u00e1nokiratba vagy k\u00f6zokiratba foglalt \u00e9rtes\u00edt\u00e9s\u00e9vel felh\u00edvhatja a Szolg\u00e1ltat\u00f3t a jog\u00e1t s\u00e9rt\u0151 tartalm\u00fa inform\u00e1ci\u00f3 elt\u00e1vol\u00edt\u00e1s\u00e1ra. Az \u00e9rtes\u00edt\u00e9st k\u00f6vet\u0151en a Szolg\u00e1ltat\u00f3 az Ekertv. 13. \u00a7-\u00e1nak megfelel\u0151en j\u00e1r el. Az \u00e9rtes\u00edt\u00e9snek tartalmaznia kell:\n<ul>\n<li>a s\u00e9relem t\u00e1rgy\u00e1t \u00e9s a jogs\u00e9rt\u00e9st val\u00f3sz\u00edn\u0171s\u00edt\u0151 t\u00e9nyek megjel\u00f6l\u00e9s\u00e9t;<\/li>\n<li>a jogs\u00e9rt\u0151 tartalm\u00fa inform\u00e1ci\u00f3 azonos\u00edt\u00e1s\u00e1hoz sz\u00fcks\u00e9ges adatokat;<\/li>\n<li>a jogosult nev\u00e9t, lakc\u00edm\u00e9t, illetve sz\u00e9khely\u00e9t, telefonsz\u00e1m\u00e1t, valamint elektronikus levelez\u00e9si c\u00edm\u00e9t.<\/li>\n<\/ul>\n<\/li>\n<li>A jelen \u00c1SZF-ben nem szab\u00e1lyozott k\u00e9rd\u00e9sekre, valamint jelen \u00c1SZF \u00e9rtelmez\u00e9s\u00e9re a magyar jog az ir\u00e1nyad\u00f3, k\u00fcl\u00f6n\u00f6s tekintettel a Ptk. \u00e9s az Ekertv., valamint a fogyaszt\u00f3 \u00e9s a v\u00e1llalkoz\u00e1s k\u00f6z\u00f6tti szerz\u0151d\u00e9sek r\u00e9szletes szab\u00e1lyair\u00f3l sz\u00f3l\u00f3 45\/2014. (II. 26.) Korm. rendelet vonatkoz\u00f3 rendelkez\u00e9seire. A vonatkoz\u00f3 jogszab\u00e1lyok k\u00f6telez\u0151 rendelkez\u00e9sei a felekre k\u00fcl\u00f6n kik\u00f6t\u00e9s n\u00e9lk\u00fcl is ir\u00e1nyad\u00f3k.<\/li>\n<li>A jelen \u00c1SZF 2024. m\u00e1jus 15. napj\u00e1t\u00f3l hat\u00e1lyos \u00e9s visszavon\u00e1sig hat\u00e1lyban marad. A Szolg\u00e1ltat\u00f3 jogosult egyoldal\u00faan m\u00f3dos\u00edtani a \u00c1SZF rendelkez\u00e9seit. A m\u00f3dos\u00edt\u00e1sokat a Szolg\u00e1ltat\u00f3 az Oldalon k\u00f6zz\u00e9teszi, illetve a regisztr\u00e1lt\/vagy kor\u00e1bban m\u00e1r v\u00e1s\u00e1rl\u00f3 Felhaszn\u00e1l\u00f3kat a v\u00e1ltoz\u00e1sr\u00f3l e-mailben \u00e9rtes\u00edti &#8211; mely alapj\u00e1n a Felhaszn\u00e1l\u00f3 jogosult a szerz\u0151d\u00e9st\u0151l el\u00e1llni, vagy azt felmondani.<\/li>\n<li>Szolg\u00e1ltat\u00f3 fenntart mag\u00e1nak minden jogot az Oldal, annak b\u00e1rmely r\u00e9szlete \u00e9s az azon megjelen\u0151 tartalmak, valamint az Oldal terjeszt\u00e9s\u00e9nek tekintet\u00e9ben. Tilos az Oldalon megjelen\u0151 tartalmak vagy azok b\u00e1rmely r\u00e9szlet\u00e9nek let\u00f6lt\u00e9se, elektronikus t\u00e1rol\u00e1sa, feldolgoz\u00e1sa \u00e9s \u00e9rt\u00e9kes\u00edt\u00e9se a Szolg\u00e1ltat\u00f3 \u00edr\u00e1sos hozz\u00e1j\u00e1rul\u00e1sa n\u00e9lk\u00fcl.<\/li>\n<\/ul>\n<\/li>\n<li><strong><u>Registration<\/u><\/strong>\n<ul>\n<li>A szolg\u00e1ltat\u00e1s ig\u00e9nybev\u00e9tele sor\u00e1n megadott val\u00f3tlan, vagy m\u00e1s szem\u00e9lyhez k\u00f6thet\u0151 adatok eset\u00e9n a l\u00e9trej\u00f6v\u0151 elektronikus szerz\u0151d\u00e9st az arra jogosult f\u00e9l a b\u00edr\u00f3s\u00e1g el\u0151tt megt\u00e1madhatja. Az eredm\u00e9nyes megt\u00e1mad\u00e1s (pernyertess\u00e9g) k\u00f6vetkezt\u00e9ben a szerz\u0151d\u00e9s a megk\u00f6t\u00e9s\u00e9nek id\u0151pontj\u00e1t\u00f3l \u00e9rv\u00e9nytelenn\u00e9 v\u00e1lik, vagy ha az m\u00e1s szerz\u0151d\u00e9st leplez, a felek jogait \u00e9s k\u00f6telezetts\u00e9geit a leplezett szerz\u0151d\u00e9s alapj\u00e1n kell meg\u00edt\u00e9lni.<\/li>\n<li>A Szolg\u00e1ltat\u00f3t a Felhaszn\u00e1l\u00f3 \u00e1ltal t\u00e9vesen \u00e9s\/vagy pontatlanul megadott adatokra visszavezethet\u0151 k\u00e9sedelem\u00e9rt, illetve egy\u00e9b probl\u00e9m\u00e1\u00e9rt, hib\u00e1\u00e9rt semminem\u0171 felel\u0151ss\u00e9g nem terheli.<\/li>\n<li>A Szolg\u00e1ltat\u00f3t nem terheli felel\u0151ss\u00e9g az abb\u00f3l ad\u00f3d\u00f3 k\u00e1rok\u00e9rt, ha Felhaszn\u00e1l\u00f3 a jelszav\u00e1t elfelejti, vagy az illet\u00e9ktelenek sz\u00e1m\u00e1ra b\u00e1rmely nem a Szolg\u00e1ltat\u00f3nak felr\u00f3hat\u00f3 okb\u00f3l hozz\u00e1f\u00e9rhet\u0151v\u00e9 v\u00e1lik.<\/li>\n<\/ul>\n<\/li>\n<li><strong><u>A megv\u00e1s\u00e1rolhat\u00f3 szolg\u00e1ltat\u00e1sok k\u00f6re<\/u><\/strong>\n<ul>\n<li>A megjelen\u00edtett szolg\u00e1ltat\u00e1sok az Oldalr\u00f3l elektronikusan (banki \u00e1tutal\u00e1ssal) \u00e9s szem\u00e9lyesen rendelhet\u0151k meg. A szolg\u00e1ltat\u00e1sokra vonatkoz\u00f3an megjelen\u00edtett \u00e1rak forintban \u00e9rtend\u0151k, brutt\u00f3 \u00e1rak (teh\u00e1t tartalmazz\u00e1k a t\u00f6rv\u00e9nyben el\u0151\u00edrt \u00e1f\u00e1t, illetve, ha a Szolg\u00e1ltat\u00f3 \u00e1fa mentesen sz\u00e1ml\u00e1z, az \u00e1rak a fizetend\u0151 \u00f6sszegek)<\/li>\n<li>Az Oldalon Szolg\u00e1ltat\u00f3 r\u00e9szletesen felt\u00fcnteti a szolg\u00e1ltat\u00e1s nev\u00e9t, le\u00edr\u00e1s\u00e1t.<\/li>\n<li>Amennyiben akci\u00f3s \u00e1r ker\u00fcl bevezet\u00e9sre, Szolg\u00e1ltat\u00f3 teljesk\u00f6r\u0171en t\u00e1j\u00e9koztatja Felhaszn\u00e1l\u00f3kat az akci\u00f3r\u00f3l \u00e9s annak pontos id\u0151tartam\u00e1r\u00f3l.<\/li>\n<li>Amennyiben a Szolg\u00e1ltat\u00f3 minden gondoss\u00e1ga ellen\u00e9re hib\u00e1s \u00e1r ker\u00fcl az Oldal fel\u00fclet\u00e9re, esetleg rendszerhiba miatt megjelen\u0151 \u201c0\u201d Ft-os vagy \u201c1\u201d Ft-os \u00e1r, akkor a Szolg\u00e1ltat\u00f3 nem k\u00f6teles a megrendel\u00e9st hib\u00e1s \u00e1ron visszaigazolni, hanem lehet\u0151s\u00e9ge van az aj\u00e1nlat visszautas\u00edt\u00e1s\u00e1ra \u00e9s felaj\u00e1nlhatja a helyes \u00e1ron t\u00f6rt\u00e9n\u0151 visszaigazol\u00e1st, amelynek ismeret\u00e9ben Felhaszn\u00e1l\u00f3nak joga van nem elfogadni a m\u00f3dos\u00edtott aj\u00e1nlatot. Hib\u00e1s \u00e1r alatt \u00e9rtj\u00fck azt az \u00e1rat, amin a Szolg\u00e1ltat\u00f3nak nincs meg a szerz\u0151d\u00e9ses akarata a szerz\u0151d\u00e9s megk\u00f6t\u00e9s\u00e9re. A Ptk. alapj\u00e1n a szerz\u0151d\u00e9s a felek akarat\u00e1nak k\u00f6lcs\u00f6n\u00f6s \u00e9s egybehangz\u00f3 kifejez\u00e9s\u00e9vel j\u00f6n l\u00e9tre. Amennyiben a felek nem tudnak meg\u00e1llapodni a szerz\u0151d\u00e9ses felt\u00e9telekben, azaz nincs meg a felek akarat\u00e1t k\u00f6lcs\u00f6n\u00f6sen \u00e9s egybehangz\u00f3an kifejez\u0151 nyilatkozat, abban az esetben nem besz\u00e9lhet\u00fcnk \u00e9rv\u00e9nyesen l\u00e9trej\u00f6tt szerz\u0151d\u00e9sr\u0151l, amelyekb\u0151l jogok \u00e9s k\u00f6telezetts\u00e9gek fakadn\u00e1nak.<\/li>\n<\/ul>\n<\/li>\n<li><strong><u>A rendel\u00e9s menete<\/u><\/strong>\n<ul>\n<li>Oldalon t\u00f6rt\u00e9n\u0151 v\u00e1s\u00e1rl\u00e1snak felt\u00e9tele a Regisztr\u00e1ci\u00f3.<\/li>\n<li>A L\u00e1togat\u00f3, ha regisztr\u00e1lni szeretne, akkor a \u201eRegisztr\u00e1ci\u00f3\u201d men\u00fcpont megnyit\u00e1s\u00e1t k\u00f6vet\u0151en, a regisztr\u00e1ci\u00f3s fel\u00fclet kit\u00f6lt\u00e9s\u00e9vel, majd az Oldal alj\u00e1n tal\u00e1lhat\u00f3 \u201eRegisztr\u00e1ci\u00f3\u201d gombra kattint\u00e1ssal tud. A regisztr\u00e1ci\u00f3s fel\u00fcleten a k\u00f6vetkez\u0151 adatokat sz\u00fcks\u00e9ges megadni a Szolg\u00e1ltat\u00f3 r\u00e9sz\u00e9re:\n<ul>\n<li>Felhaszn\u00e1l\u00f3n\u00e9v:<\/li>\n<li>E-mail c\u00edm;<\/li>\n<li>Password<\/li>\n<\/ul>\n<\/li>\n<li>A regisztr\u00e1ci\u00f3 elk\u00fcld\u00e9s\u00e9hez a L\u00e1togat\u00f3nak ezen a fel\u00fcleten tal\u00e1lhat\u00f3 jel\u00f6l\u0151n\u00e9gyzet kipip\u00e1l\u00e1s\u00e1val el kell fogadnia az Adatv\u00e9delmi szab\u00e1lyzatot. A regisztr\u00e1ci\u00f3s k\u00e9relem elk\u00fcld\u00e9s\u00e9r\u0151l a Szolg\u00e1ltat\u00f3 e-mailben t\u00e1j\u00e9koztatja a L\u00e1togat\u00f3t, amely e-mailben tal\u00e1lhat\u00f3 linkre t\u00f6rt\u00e9n\u0151 kattint\u00e1ssal vagy annak b\u00f6ng\u00e9sz\u0151be t\u00f6rt\u00e9n\u0151 bem\u00e1sol\u00e1s\u00e1val v\u00e1lik befejezett\u00e9 a regisztr\u00e1ci\u00f3. <strong>A regisztr\u00e1ci\u00f3 bem\u00e1sol\u00e1s \u00e9s a kapott visszaigazol\u00e1s n\u00e9lk\u00fcli kattint\u00e1ssal is sikeres.<\/strong><\/li>\n<li>A Regisztr\u00e1ci\u00f3 sor\u00e1n a Felhaszn\u00e1l\u00f3 a h\u00edrlevelekre is feliratkozhat az erre vonatkoz\u00f3 jel\u00f6l\u0151n\u00e9gyzet bepip\u00e1l\u00e1s\u00e1val.<\/li>\n<li>A sikeres regisztr\u00e1ci\u00f3t k\u00f6vet\u0151en, a Felhaszn\u00e1l\u00f3 az Oldalon tal\u00e1lhat\u00f3 \u201eBejelentkez\u00e9s\u201d men\u00fcpont alatt a bel\u00e9p\u00e9si adatait megadva (felhaszn\u00e1l\u00f3n\u00e9v\/e-mail, jelsz\u00f3) tud bel\u00e9pni az Oldalra.<\/li>\n<li>A Felhaszn\u00e1l\u00f3 jogosult a regisztr\u00e1ci\u00f3j\u00e1t b\u00e1rmikor t\u00f6r\u00f6lni az tekerescsabi@gmail.com e-mail c\u00edmre k\u00fcld\u00f6tt \u00fczenettel. Az \u00fczenet meg\u00e9rkez\u00e9s\u00e9t k\u00f6vet\u0151en Szolg\u00e1ltat\u00f3 k\u00f6teles halad\u00e9ktalanul, de legk\u00e9s\u0151bb 8 munkanapon bel\u00fcl gondoskodni a regisztr\u00e1ci\u00f3 t\u00f6rl\u00e9s\u00e9r\u0151l. Felhaszn\u00e1l\u00f3 felhaszn\u00e1l\u00f3i adatai a t\u00f6rl\u00e9st k\u00f6vet\u0151en azonnal elt\u00e1vol\u00edt\u00e1sra ker\u00fclnek a rendszerb\u0151l; ez azonban nem \u00e9rinti a m\u00e1r leadott rendel\u00e9sekhez kapcsol\u00f3d\u00f3 adatok \u00e9s dokumentumok meg\u0151rz\u00e9s\u00e9t, nem eredm\u00e9nyezi ezen adatok t\u00f6rl\u00e9s\u00e9t. Az elt\u00e1vol\u00edt\u00e1s ut\u00e1n az adatok vissza\u00e1ll\u00edt\u00e1s\u00e1ra t\u00f6bb\u00e9 nincs m\u00f3d.<\/li>\n<li>A felhaszn\u00e1l\u00f3i hozz\u00e1f\u00e9r\u00e9si adatok (\u00edgy k\u00fcl\u00f6n\u00f6sen a jelsz\u00f3) titokban tart\u00e1s\u00e1\u00e9rt kiz\u00e1r\u00f3lag a Felhaszn\u00e1l\u00f3 felel\u0151s. Amennyiben a Felhaszn\u00e1l\u00f3 tudom\u00e1st szerez arr\u00f3l, hogy a Regisztr\u00e1ci\u00f3 sor\u00e1n megadott jelszav\u00e1hoz jogosulatlan harmadik szem\u00e9ly hozz\u00e1juthatott, k\u00f6teles halad\u00e9ktalanul megv\u00e1ltoztatni jelszav\u00e1t, ha pedig felt\u00e9telezhet\u0151, hogy a harmadik szem\u00e9ly a jelsz\u00f3 haszn\u00e1lat\u00e1val b\u00e1rmilyen m\u00f3don vissza\u00e9l, k\u00f6teles egyidej\u0171leg \u00e9rtes\u00edteni a Szolg\u00e1ltat\u00f3t. Felhaszn\u00e1l\u00f3 v\u00e1llalja, hogy a regisztr\u00e1ci\u00f3 sor\u00e1n megadott szem\u00e9lyes adatokat v\u00e1ltoz\u00e1s eset\u00e9n, a v\u00e1ltoz\u00e1s bek\u00f6vetkez\u00e9s\u00e9t\u0151l sz\u00e1m\u00edtott 3 napon bel\u00fcl friss\u00edti annak \u00e9rdek\u00e9ben, hogy azok id\u0151szer\u0171ek, teljesek \u00e9s a val\u00f3s\u00e1gnak megfelel\u0151ek legyenek.<\/li>\n<li>Az Oldalon kereszt\u00fcl a Felhaszn\u00e1l\u00f3 megrendelheti a Szolg\u00e1ltat\u00f3 Oldalon hirdetett szolg\u00e1ltat\u00e1sait. A Felhaszn\u00e1l\u00f3 a megrendelni k\u00edv\u00e1nt, szolg\u00e1ltat\u00e1s r\u00e9szletes jellemz\u0151ir\u0151l, \u00e1r\u00e1r\u00f3l, illetve esetlegesen egy\u00e9b v\u00e1laszthat\u00f3 tulajdons\u00e1g\u00e1r\u00f3l a le\u00edr\u00e1sban t\u00e1j\u00e9koz\u00f3dhat.<\/li>\n<li>A Felhaszn\u00e1l\u00f3 az Oldalon tal\u00e1lhat\u00f3 \u201eV\u00e1gj bele\u201d gombra kattintva rendelheti meg a kiv\u00e1lasztott szolg\u00e1ltat\u00e1st, amely elk\u00fcld\u00e9s\u00e9t k\u00f6vet\u0151en Szolg\u00e1ltat\u00f3 felveszi Felhaszn\u00e1l\u00f3val a kapcsolatot elektronikusan.<\/li>\n<li>Felhaszn\u00e1l\u00f3 a \u201eV\u00e1gj bele\u201d gomb megnyom\u00e1s\u00e1t k\u00f6vet\u0151en megadja a nev\u00e9t, email c\u00edm\u00e9t \u00e9s r\u00f6vid \u00fczenet\u00e9t, hogy milyen szolg\u00e1ltat\u00e1s\u00e1t v\u00e1lasztotta Szolg\u00e1ltat\u00f3nak.<\/li>\n<li>Felhaszn\u00e1l\u00f3 az online kapcsolatfelv\u00e9teln\u00e9l tal\u00e1lhat\u00f3 \u201eK\u00fcld\u00e9s\u201d gomb megnyom\u00e1s\u00e1val elk\u00fcldi a megrendel\u00e9s\u00e9t Szolg\u00e1ltat\u00f3 fel\u00e9. A \u201eK\u00fcld\u00e9s\u201d gomb megnyom\u00e1sa el\u0151tt Felhaszn\u00e1l\u00f3nak el kell fogadni Szolg\u00e1ltat\u00f3 Adatv\u00e9delmi T\u00e1j\u00e9koztat\u00f3j\u00e1t \u00e9s az \u00c1SZF-et.<\/li>\n<li>Fizet\u00e9si m\u00f3d:\n<ul>\n<li>A Felhaszn\u00e1l\u00f3 a kiv\u00e1lasztott szolg\u00e1ltat\u00e1s d\u00edj\u00e1t \u00e1tutal\u00e1ssal tudja rendezni a r\u00e9sz\u00e9re elektronikusan megk\u00fcld\u00f6tt banki adatokra tartalmaz\u00f3 lev\u00e9lben foglaltak szerint.<\/li>\n<\/ul>\n<\/li>\n<li>Amennyiben az Oldalon hiba vagy hi\u00e1nyoss\u00e1g l\u00e9p fel a szolg\u00e1ltat\u00e1sokn\u00e1l, vagy az \u00e1rakn\u00e1l, Szolg\u00e1ltat\u00f3 fenntartja a jogot a korrekci\u00f3ra. Ilyen esetben a hiba felismer\u00e9se, illetve m\u00f3dos\u00edt\u00e1sa ut\u00e1n azonnal t\u00e1j\u00e9koztatja a Felhaszn\u00e1l\u00f3t az \u00faj adatokr\u00f3l. Felhaszn\u00e1l\u00f3 ezt k\u00f6vet\u0151en m\u00e9g egyszer meger\u0151s\u00edtheti a megrendel\u00e9st, vagy el\u00e1llhat a szerz\u0151d\u00e9st\u0151l.<\/li>\n<li>Felhaszn\u00e1l\u00f3 a \u201eK\u00fcld\u00e9s\u201d gomb megnyom\u00e1s\u00e1val tudom\u00e1sul veszi, hogy fizet\u00e9si k\u00f6telezetts\u00e9ge keletkezik.<\/li>\n<li>Felhaszn\u00e1l\u00f3 a megrendel\u00e9si folyamat lez\u00e1r\u00e1sa el\u0151tt minden esetben vissza tud l\u00e9pni az el\u0151z\u0151 f\u00e1zisba, ahol jav\u00edtani tudja a bevitt adatokat.<\/li>\n<li>Felhaszn\u00e1l\u00f3 e-mail-ben a megrendel\u00e9s elk\u00fcld\u00e9s\u00e9t k\u00f6vet\u0151en visszaigazol\u00e1st kap. Amennyiben e visszaigazol\u00e1s Felhaszn\u00e1l\u00f3 megrendel\u00e9s\u00e9nek elk\u00fcld\u00e9s\u00e9t\u0151l sz\u00e1m\u00edtott, a szolg\u00e1ltat\u00e1s jelleg\u00e9t\u0151l f\u00fcgg\u0151 elv\u00e1rhat\u00f3 hat\u00e1rid\u0151n bel\u00fcl, de legk\u00e9s\u0151bb 5 munkanapon bel\u00fcl Felhaszn\u00e1l\u00f3hoz nem \u00e9rkezik meg, Felhaszn\u00e1l\u00f3 az aj\u00e1nlati k\u00f6t\u00f6tts\u00e9g vagy szerz\u0151d\u00e9ses k\u00f6telezetts\u00e9g al\u00f3l mentes\u00fcl. A megrendel\u00e9s \u00e9s annak visszaigazol\u00e1sa akkor tekintend\u0151 a Szolg\u00e1ltat\u00f3hoz, illetve az Felhaszn\u00e1l\u00f3hoz meg\u00e9rkezettnek, amikor az sz\u00e1m\u00e1ra hozz\u00e1f\u00e9rhet\u0151v\u00e9 v\u00e1lik. Szolg\u00e1ltat\u00f3 kiz\u00e1rja a visszaigazol\u00e1si felel\u0151ss\u00e9g\u00e9t, ha a visszaigazol\u00e1s az\u00e9rt nem \u00e9rkezik meg id\u0151ben, mert Felhaszn\u00e1l\u00f3 rossz e-mail c\u00edmet adott meg regisztr\u00e1ci\u00f3ja sor\u00e1n, vagy a fi\u00f3kj\u00e1hoz tartoz\u00f3 t\u00e1rhely tel\u00edtetts\u00e9ge miatt nem tud \u00fczenetet fogadni.<\/li>\n<li>A Felhaszn\u00e1l\u00f3nak a rendel\u00e9s b\u00e1rmely szakasz\u00e1ban (A \u201dK\u00fcld\u00e9s\u201d gombra kattint\u00e1sig) \u00e9s a megrendel\u00e9s Szolg\u00e1ltat\u00f3 r\u00e9sz\u00e9re val\u00f3 elk\u00fcld\u00e9s\u00e9ig az Oldalon b\u00e1rmikor lehet\u0151s\u00e9ge van az adatbeviteli hib\u00e1k jav\u00edt\u00e1s\u00e1ra, ak\u00e1r a saj\u00e1t fi\u00f3kj\u00e1ban (felhaszn\u00e1l\u00f3i adatok m\u00f3dos\u00edt\u00e1sa), ak\u00e1r a megrendel\u00e9si fel\u00fcleten. Adatbeviteli hib\u00e1nak min\u0151s\u00fcl p\u00e9ld\u00e1ul a rendel\u00e9si adatok el\u00edr\u00e1sa.<\/li>\n<li>Szolg\u00e1ltat\u00f3 a megrendelt szolg\u00e1ltat\u00e1sokr\u00f3l a Felhaszn\u00e1l\u00f3 r\u00e9sz\u00e9re, a kifizet\u00e9s igazol\u00e1s\u00e1ra, a v\u00e1s\u00e1rl\u00e1si folyamat sor\u00e1n megadott e-mail c\u00edm\u00e9re a fizet\u00e9st k\u00f6vet\u0151en sz\u00e1ml\u00e1t k\u00fcld ki. Sz\u00e1mla ki\u00e1ll\u00edt\u00e1s\u00e1ra jogosult Szolg\u00e1ltat\u00f3n k\u00edv\u00fcl tov\u00e1bb\u00e1 Ol\u00e1h R\u00e9ka E.V., Pr\u00e9mus Vikt\u00f3ria E.V., Gyulai Barbara E.V. is. Term\u00e9szetesen ez nem \u00e9rinti az \u00e1rak megv\u00e1ltoz\u00e1s\u00e1t.<\/li>\n<li>A megrendel\u00e9s elektronikus \u00faton megk\u00f6t\u00f6tt, magyar nyelv\u0171, nem \u00edr\u00e1sbeli szerz\u0151d\u00e9snek min\u0151s\u00fcl, amelyre a magyar jog, \u00edgy k\u00fcl\u00f6n\u00f6sen a Ptk. \u00e9s az Ekertv rendelkez\u00e9si ir\u00e1nyad\u00f3ak. Amennyiben a megrendel\u00e9st lead\u00f3 Felhaszn\u00e1l\u00f3 Fogyaszt\u00f3, aki szolg\u00e1ltat\u00e1st vesz, rendel, kap, haszn\u00e1l, ig\u00e9nybe vesz, valamint az \u00e1ruval kapcsolatos kereskedelmi kommunik\u00e1ci\u00f3, aj\u00e1nlat c\u00edmzettje, akkor a l\u00e9trej\u00f6tt szerz\u0151d\u00e9s a fogyaszt\u00f3 \u00e9s a v\u00e1llalkoz\u00e1s k\u00f6z\u00f6tti szerz\u0151d\u00e9sek r\u00e9szletes szab\u00e1lyair\u00f3l sz\u00f3l\u00f3 45\/2014 (II.26.) Korm. rendelet hat\u00e1lya al\u00e1 tartozik, szem el\u0151tt tartva a fogyaszt\u00f3k jogair\u00f3l sz\u00f3l\u00f3 Eur\u00f3pai Parlament \u00e9s a Tan\u00e1cs 2011\/83\/EU ir\u00e1nyelv\u00e9nek rendelkez\u00e9seit.<\/li>\n<\/ul>\n<\/li>\n<li><strong><u>Engedm\u00e9nyez\u00e9s \u00e9s jog\u00e1truh\u00e1z\u00e1s<\/u><\/strong>\n<ul>\n<li>A Szolg\u00e1ltat\u00f3 jogosult a jelen \u00c1SZF alapj\u00e1n l\u00e9trej\u00f6tt szerz\u0151d\u00e9sb\u0151l fakad\u00f3 jogait, illetve k\u00f6telezetts\u00e9geit m\u00e1sra \u00e1truh\u00e1zni. A Felhaszn\u00e1l\u00f3 a tov\u00e1bbiakban is hivatkozhat azokra a kifog\u00e1sokra, illetve besz\u00e1m\u00edthatja azokat az ellenk\u00f6vetel\u00e9seket, amelyek az \u00e1truh\u00e1z\u00e1sr\u00f3l sz\u00f3l\u00f3 \u00e9rtes\u00edt\u00e9skor m\u00e1r fenn\u00e1llt jogalapon keletkeztek. A Szolg\u00e1ltat\u00f3 \u00edr\u00e1sbeli hozz\u00e1j\u00e1rul\u00e1sa n\u00e9lk\u00fcl a Felhaszn\u00e1l\u00f3 nem jogosult a jelen \u00c1SZF alapj\u00e1n l\u00e9trej\u00f6tt szerz\u0151d\u00e9sb\u0151l fakad\u00f3 jogainak, illetve k\u00f6vetel\u00e9seinek \u00e1truh\u00e1z\u00e1s\u00e1ra.<\/li>\n<\/ul>\n<\/li>\n<li><strong><u>Szellemi tulajdonjoggal kapcsolatos rendelkez\u00e9sek<\/u><\/strong>\n<ul>\n<li>A Szellemi tulajdonjogok kiz\u00e1r\u00f3lagos jogosultja a Szolg\u00e1ltat\u00f3, \u00e9s nincs semmilyen harmadik szem\u00e9lynek olyan joga, amely a Szolg\u00e1ltat\u00f3t ezek megfelel\u0151 haszn\u00e1lat\u00e1ban korl\u00e1tozhatn\u00e1, vagy a haszn\u00e1latot akad\u00e1lyozhatn\u00e1. A Szolg\u00e1ltat\u00f3 el\u0151zetes \u00edr\u00e1sos hozz\u00e1j\u00e1rul\u00e1sa n\u00e9lk\u00fcl tilos az Oldal, valamint a Szellemi tulajdonjogok eg\u00e9sz\u00e9nek vagy r\u00e9szeinek, \u00edgy k\u00fcl\u00f6n\u00f6sen a grafikai elemeknek \u00e9s elgondol\u00e1soknak b\u00e1rmilyen m\u00e1sol\u00e1sa, t\u00f6bbsz\u00f6r\u00f6z\u00e9se, feldolgoz\u00e1sa, \u00e1tdolgoz\u00e1sa, terjeszt\u00e9se.<\/li>\n<\/ul>\n<\/li>\n<li><strong><u>A megrendel\u00e9sek feldolgoz\u00e1sa<\/u><\/strong>\n<ul>\n<li>A megrendel\u00e9sek\/el\u0151fizet\u00e9sek feldolgoz\u00e1sa 15 percen bel\u00fcl t\u00f6rt\u00e9nik.<\/li>\n<\/ul>\n<\/li>\n<li><strong><u>El\u00e1ll\u00e1si jog (Fogyaszt\u00f3val k\u00f6t\u00f6tt szerz\u0151d\u00e9s eset\u00e9n)<\/u><\/strong>\n<ul>\n<li>Az e pontban foglaltak kiz\u00e1r\u00f3lag Fogyaszt\u00f3nak min\u0151s\u00fcl\u0151 megrendel\u00e9st lead\u00f3 Felhaszn\u00e1l\u00f3kra vonatkoznak. A Fogyaszt\u00f3 a fogyaszt\u00f3 \u00e9s a v\u00e1llalkoz\u00e1s k\u00f6z\u00f6tti szerz\u0151d\u00e9sek r\u00e9szletes szab\u00e1lyair\u00f3l sz\u00f3l\u00f3 45\/2014 (II.26.) Korm. rendelet \u00e9rtelm\u00e9ben jogosult a term\u00e9k\/\u00e1ru ad\u00e1sv\u00e9tel\u00e9re ir\u00e1nyul\u00f3 szerz\u0151d\u00e9s eset\u00e9n\n<ul>\n<li>az \u00e1runak,<\/li>\n<li>t\u00f6bb \u00e1ru ad\u00e1sv\u00e9telekor, ha az egyes \u00e1ruk szolg\u00e1ltat\u00e1sa elt\u00e9r\u0151 id\u0151pontban t\u00f6rt\u00e9nik, az utolj\u00e1ra szolg\u00e1ltatott \u00e1runak,<\/li>\n<li>t\u00f6bb t\u00e9telb\u0151l vagy darabb\u00f3l \u00e1ll\u00f3 \u00e1ru eset\u00e9n az utolj\u00e1ra szolg\u00e1ltatott t\u00e9telnek vagy darabnak,<\/li>\n<li>ha az \u00e1rut meghat\u00e1rozott id\u0151szakon bel\u00fcl rendszeresen kell szolg\u00e1ltatni, az els\u0151 szolg\u00e1ltat\u00e1snak, a Fogyaszt\u00f3 vagy az \u00e1ltala megjel\u00f6lt, a fuvaroz\u00f3t\u00f3l elt\u00e9r\u0151 harmadik szem\u00e9ly \u00e1ltali, az \u00e1tv\u00e9tel\u00e9nek napj\u00e1t\u00f3l sz\u00e1m\u00edtott tizenn\u00e9gy (14) napon bel\u00fcl a szerz\u0151d\u00e9st\u0151l indokol\u00e1s n\u00e9lk\u00fcl el\u00e1llni.<\/li>\n<\/ul>\n<\/li>\n<li>A Fogyaszt\u00f3 az el\u00e1ll\u00e1s jog\u00e1t a szolg\u00e1ltat\u00e1s ny\u00fajt\u00e1s\u00e1ra ir\u00e1nyul\u00f3 szerz\u0151d\u00e9s eset\u00e9ben a szerz\u0151d\u00e9s megk\u00f6t\u00e9s\u00e9nek napj\u00e1t\u00f3l sz\u00e1m\u00edtott tizenn\u00e9gy napon bel\u00fcl gyakorolhatja.<\/li>\n<li>Fogyaszt\u00f3t megilleti az a jog, hogy a szerz\u0151d\u00e9s megk\u00f6t\u00e9s\u00e9nek a napja \u00e9s az \u00e1ru \u00e1tv\u00e9tel\u00e9nek napja k\u00f6z\u00f6tti id\u0151szakban is gyakorolja el\u00e1ll\u00e1si jog\u00e1t. Ha a Fogyaszt\u00f3 el\u00e1ll\u00e1si jog\u00e1val \u00e9lni k\u00edv\u00e1n, el\u00e1ll\u00e1si sz\u00e1nd\u00e9k\u00e1t tartalmaz\u00f3 egy\u00e9rtelm\u0171 nyilatkozat\u00e1t [amely nyilatkozat a fogyaszt\u00f3 \u00e9s v\u00e1llalkoz\u00e1s k\u00f6z\u00f6tti szerz\u0151d\u00e9sek r\u00e9szletes szab\u00e1lyair\u00f3l sz\u00f3l\u00f3 45\/2014 (II.26.) Korm. rendelet 2. mell\u00e9kelt\u00e9ben tal\u00e1lhat\u00f3 nyilatkozatminta kit\u00f6lt\u00e9s\u00e9vel is elk\u00e9sz\u00edthet\u0151] k\u00f6teles \u00edr\u00e1sban, postai \u00faton eljuttatni a jelen \u00c1SZF 1.14. pontj\u00e1ban a Szolg\u00e1ltat\u00f3 meghat\u00e1roz\u00e1s\u00e1n\u00e1l megtal\u00e1lhat\u00f3 sz\u00e9khelyre a Szolg\u00e1ltat\u00f3 r\u00e9sz\u00e9re. A Fogyaszt\u00f3t terheli annak bizony\u00edt\u00e1sa, hogy el\u00e1ll\u00e1si jog\u00e1t az e pontban meghat\u00e1rozott rendelkez\u00e9seknek megfelel\u0151en gyakorolta.<\/li>\n<li>El\u00e1ll\u00e1s eset\u00e9n azt hat\u00e1rid\u0151ben \u00e9rv\u00e9nyes\u00edtettnek kell tekinteni, ha Fogyaszt\u00f3 az erre ir\u00e1nyul\u00f3 \u00edr\u00e1sbeli nyilatkozat\u00e1t 14 napt\u00e1ri napon bel\u00fcl (ak\u00e1r a 14. napt\u00e1ri napon) postai \u00faton elk\u00fcldi a Szolg\u00e1ltat\u00f3nak. A Fogyaszt\u00f3 level\u00e9t aj\u00e1nlott k\u00fcldem\u00e9nyk\u00e9nt k\u00f6teles post\u00e1ra adni, annak \u00e9rdek\u00e9ben, hogy hitelt \u00e9rdeml\u0151en bizony\u00edthat\u00f3 legyen a felad\u00e1s d\u00e1tuma.<\/li>\n<li>Ha a Fogyaszt\u00f3 el\u00e1ll a szerz\u0151d\u00e9st\u0151l, Szolg\u00e1ltat\u00f3 halad\u00e9ktalanul, de legk\u00e9s\u0151bb a Fogyaszt\u00f3 el\u00e1ll\u00e1si nyilatkozat\u00e1nak k\u00e9zhezv\u00e9tel\u00e9t\u0151l sz\u00e1m\u00edtott 14 napon bel\u00fcl visszat\u00e9r\u00edti a Fogyaszt\u00f3 \u00e1ltal teljes\u00edtett valamennyi ellenszolg\u00e1ltat\u00e1st. A visszat\u00e9r\u00edt\u00e9s sor\u00e1n az eredeti \u00fcgylet sor\u00e1n alkalmazott fizet\u00e9si m\u00f3ddal egyez\u0151 fizet\u00e9si m\u00f3dot alkalmaz a Szolg\u00e1ltat\u00f3, kiv\u00e9ve, ha Fogyaszt\u00f3 m\u00e1s fizet\u00e9si m\u00f3d ig\u00e9nybev\u00e9tel\u00e9hez kifejezetten a hozz\u00e1j\u00e1rul\u00e1s\u00e1t adja; e visszat\u00e9r\u00edt\u00e9si m\u00f3d alkalmaz\u00e1s\u00e1b\u00f3l kifoly\u00f3lag Fogyaszt\u00f3t semmilyen t\u00f6bbletk\u00f6lts\u00e9g nem terheli.<\/li>\n<li>Fogyaszt\u00f3t nem illeti meg az el\u00e1ll\u00e1si jog:\n<ul>\n<li>a szolg\u00e1ltat\u00e1s ny\u00fajt\u00e1s\u00e1ra ir\u00e1nyul\u00f3 szerz\u0151d\u00e9s eset\u00e9ben a szolg\u00e1ltat\u00e1s marad\u00e9ktalan teljes\u00edt\u00e9se ut\u00e1n, azonban, ha szerz\u0151d\u00e9s fizet\u00e9si k\u00f6telezetts\u00e9get keletkeztet a Fogyaszt\u00f3 sz\u00e1m\u00e1ra, csak akkor, ha a teljes\u00edt\u00e9s a Fogyaszt\u00f3 kifejezett el\u0151zetes beleegyez\u00e9s\u00e9vel \u00e9s annak a Fogyaszt\u00f3 \u00e1ltali tudom\u00e1sulv\u00e9tel\u00e9vel kezd\u0151d\u00f6tt meg, hogy elvesz\u00edti el\u00e1ll\u00e1si jog\u00e1t, amint a Szolg\u00e1ltat\u00f3 marad\u00e9ktalanul teljes\u00edtette a szerz\u0151d\u00e9st<\/li>\n<li>olyan \u00e1ru vagy szolg\u00e1ltat\u00e1s tekintet\u00e9ben, amelynek \u00e1ra, illetve d\u00edja a p\u00e9nzpiac v\u00e1llalkoz\u00e1s \u00e1ltal nem befoly\u00e1solhat\u00f3, az el\u00e1ll\u00e1si jog gyakorl\u00e1s\u00e1ra nyitva \u00e1ll\u00f3 hat\u00e1rid\u0151 alatt is lehets\u00e9ges ingadoz\u00e1s\u00e1t\u00f3l f\u00fcgg;<\/li>\n<li>olyan nem el\u0151re gy\u00e1rtott \u00e1rueset\u00e9ben, amelyet a Fogyaszt\u00f3 utas\u00edt\u00e1sa alapj\u00e1n vagy kifejezett k\u00e9r\u00e9s\u00e9re \u00e1ll\u00edtottak el\u0151, vagy olyan \u00e1ru eset\u00e9ben, amelyet egy\u00e9rtelm\u0171en a Fogyaszt\u00f3 szem\u00e9ly\u00e9re szabtak;<\/li>\n<li>romland\u00f3 vagy min\u0151s\u00e9g\u00e9t r\u00f6vid ideig meg\u0151rz\u0151 \u00e1ru tekintet\u00e9ben;<\/li>\n<li>olyan z\u00e1rt csomagol\u00e1s\u00fa \u00e1ru tekintet\u00e9ben, amely eg\u00e9szs\u00e9gv\u00e9delmi vagy higi\u00e9niai okokb\u00f3l az \u00e1tad\u00e1st k\u00f6vet\u0151 felbont\u00e1sa ut\u00e1n nem k\u00fcldhet\u0151 vissza;<\/li>\n<li>olyan \u00e1ru tekintet\u00e9ben, amely jelleg\u00e9n\u00e9l fogva az \u00e1tad\u00e1st k\u00f6vet\u0151en elv\u00e1laszthatatlanul vegy\u00fcl m\u00e1s \u00e1rukkal;<\/li>\n<li>olyan alkoholtartalm\u00fa ital tekintet\u00e9ben, amelynek t\u00e9nyleges \u00e9rt\u00e9ke a v\u00e1llalkoz\u00e1s \u00e1ltal nem befoly\u00e1solhat\u00f3 m\u00f3don a piaci ingadoz\u00e1sokt\u00f3l f\u00fcgg, \u00e9s amelynek \u00e1r\u00e1r\u00f3l a felek az ad\u00e1sv\u00e9teli szerz\u0151d\u00e9s megk\u00f6t\u00e9sekor \u00e1llapodtak meg, azonban a szerz\u0151d\u00e9s teljes\u00edt\u00e9s\u00e9re csak a megk\u00f6t\u00e9st\u0151l sz\u00e1m\u00edtott harmincadik napot k\u00f6vet\u0151en ker\u00fcl sor;<\/li>\n<li>olyan v\u00e1llalkoz\u00e1si szerz\u0151d\u00e9s eset\u00e9ben, amelyn\u00e9l a v\u00e1llalkoz\u00e1s a Fogyaszt\u00f3 kifejezett k\u00e9r\u00e9s\u00e9re keresi fel a fogyaszt\u00f3t s\u00fcrg\u0151s jav\u00edt\u00e1si vagy karbantart\u00e1si munk\u00e1latok elv\u00e9gz\u00e9se c\u00e9lj\u00e1b\u00f3l. Ez a pont nem terjed ki a fogyaszt\u00f3 \u00e1ltal kifejezetten k\u00e9rt szolg\u00e1ltat\u00e1sokon \u00e9s a karbantart\u00e1s vagy a jav\u00edt\u00e1s elv\u00e9gz\u00e9s\u00e9hez felhaszn\u00e1lt cserealkatr\u00e9szeken fel\u00fcl k\u00edn\u00e1lt szolg\u00e1ltat\u00e1sokra vagy \u00e1rukra;<\/li>\n<li>lez\u00e1rt csomagol\u00e1s\u00fa hang-, illetve k\u00e9pfelv\u00e9tel, valamint sz\u00e1m\u00edt\u00f3g\u00e9pes szoftver p\u00e9ld\u00e1ny\u00e1nak ad\u00e1sv\u00e9tele tekintet\u00e9ben, ha az \u00e1tad\u00e1st k\u00f6vet\u0151en a Fogyaszt\u00f3 a csomagol\u00e1st felbontotta;<\/li>\n<li>h\u00edrlap, foly\u00f3irat \u00e9s id\u0151szaki lap tekintet\u00e9ben, az el\u0151fizet\u00e9ses szerz\u0151d\u00e9sek kiv\u00e9tel\u00e9vel;<\/li>\n<li>nyilv\u00e1nos \u00e1rver\u00e9sen megk\u00f6t\u00f6tt szerz\u0151d\u00e9sek eset\u00e9ben;<\/li>\n<li>lak\u00e1sc\u00e9l\u00fa szolg\u00e1ltat\u00e1s kiv\u00e9tel\u00e9vel sz\u00e1ll\u00e1sny\u00fajt\u00e1sra ir\u00e1nyul\u00f3 szerz\u0151d\u00e9s, fuvaroz\u00e1s, szem\u00e9lyg\u00e9pj\u00e1rm\u0171-k\u00f6lcs\u00f6nz\u00e9s, \u00e9tkeztet\u00e9s vagy szabadid\u0151s tev\u00e9kenys\u00e9gekhez kapcsol\u00f3d\u00f3 szolg\u00e1ltat\u00e1sra ir\u00e1nyul\u00f3 szerz\u0151d\u00e9s eset\u00e9ben, ha a szerz\u0151d\u00e9sben meghat\u00e1rozott teljes\u00edt\u00e9si hat\u00e1rnapot vagy hat\u00e1rid\u0151t k\u00f6t\u00f6ttek ki;<\/li>\n<li>a nem t\u00e1rgyi adathordoz\u00f3n ny\u00fajtott digit\u00e1lis adattartalom tekintet\u00e9ben, ha a Szolg\u00e1ltat\u00f3 a Fogyaszt\u00f3 kifejezett, el\u0151zetes beleegyez\u00e9s\u00e9vel kezdte meg a teljes\u00edt\u00e9st, \u00e9s a Fogyaszt\u00f3 e beleegyez\u00e9s\u00e9vel egyidej\u0171leg nyilatkozott annak tudom\u00e1sul v\u00e9tel\u00e9r\u0151l, hogy a teljes\u00edt\u00e9s megkezd\u00e9s\u00e9t k\u00f6vet\u0151en elvesz\u00edti el\u00e1ll\u00e1si jog\u00e1t, tov\u00e1bb\u00e1 a Szolg\u00e1ltat\u00f3 a fogyaszt\u00f3 \u00e9s v\u00e1llalkoz\u00e1sok k\u00f6z\u00f6tti szerz\u0151d\u00e9sek r\u00e9szletes szab\u00e1lyair\u00f3l sz\u00f3l\u00f3 45\/2014 (II. 26.) Korm. rendelet 12. \u00a7 (2) bekezd\u00e9s vagy a 18. \u00a7 bekezd\u00e9s szerint visszaigazol\u00e1st k\u00fcld\u00f6tt a Fogyaszt\u00f3 r\u00e9sz\u00e9re.<\/li>\n<\/ul>\n<\/li>\n<li>Az el\u00e1ll\u00e1ssal kapcsolatos mintat\u00e1j\u00e9koztat\u00f3 sz\u00f6veg\u00e9t a fogyaszt\u00f3 \u00e9s a v\u00e1llalkoz\u00e1s k\u00f6z\u00f6tti szerz\u0151d\u00e9sek r\u00e9szletes szab\u00e1lyair\u00f3l sz\u00f3l\u00f3 45\/2014 (II.26.) Korm. rendelet 1. mell\u00e9klete tartalmazza.<\/li>\n<\/ul>\n<\/li>\n<li><strong>Szavatoss\u00e1g<\/strong>\n<ul>\n<li>Felhaszn\u00e1l\u00f3 a Szolg\u00e1ltat\u00f3 hib\u00e1s teljes\u00edt\u00e9se eset\u00e9n a Szolg\u00e1ltat\u00f3val szemben kell\u00e9kszavatoss\u00e1gi ig\u00e9nyt \u00e9rv\u00e9nyes\u00edthet. Fogyaszt\u00f3val k\u00f6t\u00f6tt szerz\u0151d\u00e9s keret\u00e9ben v\u00e1s\u00e1rolt nem haszn\u00e1lt \u00e1ru v\u00e1s\u00e1rl\u00e1sa eset\u00e9n Felhaszn\u00e1l\u00f3 az \u00e1tv\u00e9tel id\u0151pontj\u00e1t\u00f3l sz\u00e1m\u00edtott 2 \u00e9ves el\u00e9v\u00fcl\u00e9si hat\u00e1rid\u0151 alatt \u00e9rv\u00e9nyes\u00edtheti szavatoss\u00e1gi ig\u00e9nyeit, azok\u00e9rt az \u00e1ruhib\u00e1k\u00e9rt, amelyek az \u00e1ru \u00e1tad\u00e1sa id\u0151pontj\u00e1ban m\u00e1r l\u00e9teztek. K\u00e9t \u00e9ves el\u00e9v\u00fcl\u00e9si hat\u00e1rid\u0151n t\u00fal kell\u00e9kszavatoss\u00e1gi jogait Felhaszn\u00e1l\u00f3 \u00e9rv\u00e9nyes\u00edteni m\u00e1r nem tudja. Nem Fogyaszt\u00f3val k\u00f6t\u00f6tt szerz\u0151d\u00e9s eset\u00e9n a jogosult az \u00e1tv\u00e9tel id\u0151pontj\u00e1t\u00f3l sz\u00e1m\u00edtott 1 \u00e9ves el\u00e9v\u00fcl\u00e9si hat\u00e1rid\u0151 alatt \u00e9rv\u00e9nyes\u00edtheti szavatoss\u00e1gi ig\u00e9nyeit.<\/li>\n<li>Haszn\u00e1lt \u00e1ruk eset\u00e9n a Felhaszn\u00e1l\u00f3 csak az olyan hi\u00e1nyoss\u00e1gok tekintet\u00e9ben \u00e9rv\u00e9nyes\u00edtheti a szavatoss\u00e1gi jogait, amelyek a haszn\u00e1lts\u00e1gb\u00f3l ered\u0151 hib\u00e1kon fel\u00fcliek, \u00e9s azokt\u00f3l f\u00fcggetlen\u00fcl keletkeztek. Amennyiben a Szolg\u00e1ltat\u00f3 \u00e1ltal hirdetett \u00e1ru haszn\u00e1lt, ezt a Szolg\u00e1ltat\u00f3 az \u00e1rut hirdet\u0151 fel\u00fcleten, az \u00e1ru le\u00edr\u00e1s\u00e1ban felt\u00fcnteti. Haszn\u00e1lt \u00e1ruk eset\u00e9n a Fogyaszt\u00f3val k\u00f6t\u00f6tt szerz\u0151d\u00e9s keret\u00e9ben v\u00e1s\u00e1rolt nem haszn\u00e1lt \u00e1ruk v\u00e1s\u00e1rl\u00e1sa eset\u00e9n a Fogyaszt\u00f3 is csak az \u00e1tv\u00e9tel id\u0151pontj\u00e1t\u00f3l sz\u00e1m\u00edtott 1 \u00e9ves el\u00e9v\u00fcl\u00e9si hat\u00e1rid\u0151 alatt \u00e9rv\u00e9nyes\u00edtheti szavatoss\u00e1gi ig\u00e9nyeit. Ha a haszn\u00e1lt \u00e1ru hib\u00e1s \u00e9s err\u0151l a Fogyaszt\u00f3nak min\u0151s\u00fcl\u0151 Felhaszn\u00e1l\u00f3 a v\u00e1s\u00e1rl\u00e1skor t\u00e1j\u00e9koztat\u00e1st kapott, az ismert hiba vonatkoz\u00e1s\u00e1ban a Szolg\u00e1ltat\u00f3nak nincs felel\u0151ss\u00e9ge.<\/li>\n<li>Felhaszn\u00e1l\u00f3 \u2013 v\u00e1laszt\u00e1sa szerint \u2013 k\u00e9rhet kijav\u00edt\u00e1st vagy kicser\u00e9l\u00e9st, kiv\u00e9ve, ha az ezek k\u00f6z\u00fcl a Felhaszn\u00e1l\u00f3 \u00e1ltal v\u00e1lasztott ig\u00e9ny teljes\u00edt\u00e9se lehetetlen vagy a Szolg\u00e1ltat\u00f3 sz\u00e1m\u00e1ra m\u00e1s ig\u00e9nye teljes\u00edt\u00e9s\u00e9hez k\u00e9pest ar\u00e1nytalan t\u00f6bbletk\u00f6lts\u00e9ggel j\u00e1rna. Ha a kijav\u00edt\u00e1st vagy a kicser\u00e9l\u00e9st Felhaszn\u00e1l\u00f3 nem k\u00e9rte, illetve nem k\u00e9rhette, \u00fagy ig\u00e9nyelheti az ellenszolg\u00e1ltat\u00e1s ar\u00e1nyos lesz\u00e1ll\u00edt\u00e1s\u00e1t vagy a hib\u00e1t a Szolg\u00e1ltat\u00f3 k\u00f6lts\u00e9g\u00e9re Felhaszn\u00e1l\u00f3 is kijav\u00edthatja, illetve m\u00e1ssal kijav\u00edttathatja vagy \u2013 v\u00e9gs\u0151 esetben \u2013 a szerz\u0151d\u00e9st\u0151l is el\u00e1llhat. Jelent\u00e9ktelen hiba miatt el\u00e1ll\u00e1snak nincs helye. Felhaszn\u00e1l\u00f3 a v\u00e1lasztott kell\u00e9kszavatoss\u00e1gi jog\u00e1r\u00f3l egy m\u00e1sikra is \u00e1tt\u00e9rhet, az \u00e1tt\u00e9r\u00e9s k\u00f6lts\u00e9g\u00e9t azonban k\u00f6teles viselni, kiv\u00e9ve, ha az indokolt volt, vagy arra a Szolg\u00e1ltat\u00f3 adott okot.<\/li>\n<li>Felhaszn\u00e1l\u00f3 k\u00f6teles a hib\u00e1t annak felfedez\u00e9se ut\u00e1n halad\u00e9ktalanul k\u00f6z\u00f6lni. Amennyiben Felhaszn\u00e1l\u00f3 Fogyaszt\u00f3nak min\u0151s\u00fcl, \u00fagy a hiba felfedez\u00e9s\u00e9t\u0151l sz\u00e1m\u00edtott k\u00e9t h\u00f3napon bel\u00fcl k\u00f6z\u00f6lt hib\u00e1t k\u00e9sedelem n\u00e9lk\u00fcl k\u00f6z\u00f6ltnek kell tekinteni. Felhaszn\u00e1l\u00f3 k\u00f6zvetlen\u00fcl a Szolg\u00e1ltat\u00f3val szemben \u00e9rv\u00e9nyes\u00edtheti kell\u00e9kszavatoss\u00e1gi ig\u00e9ny\u00e9t.<\/li>\n<li>Fogyaszt\u00f3nak min\u0151s\u00fcl\u0151 Felhaszn\u00e1l\u00f3 eset\u00e9n a szerz\u0151d\u00e9s teljes\u00edt\u00e9s\u00e9t\u0151l sz\u00e1m\u00edtott egy \u00e9ven bel\u00fcl a kell\u00e9kszavatoss\u00e1gi ig\u00e9nye \u00e9rv\u00e9nyes\u00edt\u00e9s\u00e9nek a hiba k\u00f6zl\u00e9s\u00e9n t\u00fal nincs egy\u00e9b felt\u00e9tele, ha Felhaszn\u00e1l\u00f3 igazolja, hogy az \u00e1rut a Szolg\u00e1ltat\u00f3t\u00f3l v\u00e1s\u00e1rolta (sz\u00e1mla vagy a sz\u00e1mla m\u00e1solat\u00e1nak bemutat\u00e1s\u00e1val). Ilyen esetben a Szolg\u00e1ltat\u00f3 csak akkor mentes\u00fcl a szavatoss\u00e1g al\u00f3l, ha ezt a v\u00e9lelmet megd\u00f6nti, vagyis bizony\u00edtja, hogy az \u00e1ru hib\u00e1ja a Felhaszn\u00e1l\u00f3 r\u00e9sz\u00e9re t\u00f6rt\u00e9n\u0151 \u00e1tad\u00e1st k\u00f6vet\u0151en keletkezett. Amennyiben a Szolg\u00e1ltat\u00f3 bizony\u00edtani tudja, hogy a hiba oka a Felhaszn\u00e1l\u00f3nak felr\u00f3hat\u00f3 okb\u00f3l keletkezett, nem k\u00f6teles Felhaszn\u00e1l\u00f3 \u00e1ltal t\u00e1masztott szavatoss\u00e1gi ig\u00e9nynek helyt adni. A teljes\u00edt\u00e9st\u0151l sz\u00e1m\u00edtott egy \u00e9v eltelte ut\u00e1n azonban m\u00e1r Felhaszn\u00e1l\u00f3 k\u00f6teles bizony\u00edtani, hogy a Felhaszn\u00e1l\u00f3 \u00e1ltal felismert hiba m\u00e1r a teljes\u00edt\u00e9s id\u0151pontj\u00e1ban is megvolt. Ha Felhaszn\u00e1l\u00f3 a szavatoss\u00e1gi ig\u00e9ny\u00e9t az \u00e1rut\u00f3l &#8211; a megjel\u00f6lt hiba szempontj\u00e1b\u00f3l &#8211; elk\u00fcl\u00f6n\u00edthet\u0151 r\u00e9sze tekintet\u00e9ben \u00e9rv\u00e9nyes\u00edti, a szavatoss\u00e1gi ig\u00e9ny az \u00e1ru egy\u00e9b r\u00e9szeire nem min\u0151s\u00fcl \u00e9rv\u00e9nyes\u00edtettnek.<\/li>\n<\/ul>\n<\/li>\n<li><strong><u>Hib\u00e1s teljes\u00edt\u00e9s<\/u><\/strong>\n<ul>\n<li>A k\u00f6telezett hib\u00e1san teljes\u00edt, ha a szolg\u00e1ltat\u00e1s a teljes\u00edt\u00e9s id\u0151pontj\u00e1ban nem felel meg a szerz\u0151d\u00e9sben vagy jogszab\u00e1lyban meg\u00e1llap\u00edtott min\u0151s\u00e9gi k\u00f6vetelm\u00e9nyeknek. Nem teljes\u00edt hib\u00e1san a k\u00f6telezett, ha a jogosult a hib\u00e1t a szerz\u0151d\u00e9sk\u00f6t\u00e9s id\u0151pontj\u00e1ban ismerte, vagy a hib\u00e1t a szerz\u0151d\u00e9sk\u00f6t\u00e9s id\u0151pontj\u00e1ban ismernie kellett.<\/li>\n<li>Fogyaszt\u00f3 \u00e9s v\u00e1llalkoz\u00e1s k\u00f6z\u00f6tti szerz\u0151d\u00e9sben semmis az a kik\u00f6t\u00e9s, amely e fejezetnek a kell\u00e9kszavatoss\u00e1gra \u00e9s a j\u00f3t\u00e1ll\u00e1sra vonatkoz\u00f3 rendelkez\u00e9seit\u0151l a fogyaszt\u00f3 h\u00e1tr\u00e1ny\u00e1ra t\u00e9r el.<\/li>\n<li>T\u00f6bb szavatoss\u00e1gi jog csak a Polg\u00e1ri T\u00f6rv\u00e9nyk\u00f6nyv szerinti fogyaszt\u00f3nak min\u0151s\u00fcl\u0151 Felhaszn\u00e1l\u00f3kat illeti meg.<\/li>\n<\/ul>\n<\/li>\n<li><strong><u>Kell\u00e9kszavatoss\u00e1g<\/u><\/strong>\n<ul>\n<li>Felhaszn\u00e1l\u00f3 a Szolg\u00e1ltat\u00f3 hib\u00e1s teljes\u00edt\u00e9se eset\u00e9n a Szolg\u00e1ltat\u00f3val szemben kell\u00e9kszavatoss\u00e1gi ig\u00e9nyt \u00e9rv\u00e9nyes\u00edthet a Polg\u00e1ri T\u00f6rv\u00e9nyk\u00f6nyv szab\u00e1lyai szerint.<\/li>\n<li>Felhaszn\u00e1l\u00f3 \u2013 v\u00e1laszt\u00e1sa szerint \u2013 az al\u00e1bbi kell\u00e9kszavatoss\u00e1gi ig\u00e9nyekkel \u00e9lhet: k\u00e9rhet kijav\u00edt\u00e1st vagy kicser\u00e9l\u00e9st, kiv\u00e9ve, ha az ezek k\u00f6z\u00fcl a Felhaszn\u00e1l\u00f3 \u00e1ltal v\u00e1lasztott ig\u00e9ny teljes\u00edt\u00e9se lehetetlen vagy a v\u00e1llalkoz\u00e1s sz\u00e1m\u00e1ra m\u00e1s ig\u00e9nye teljes\u00edt\u00e9s\u00e9hez k\u00e9pest ar\u00e1nytalan t\u00f6bbletk\u00f6lts\u00e9ggel j\u00e1rna. Ha a kijav\u00edt\u00e1st vagy a kicser\u00e9l\u00e9st nem k\u00e9rte, illetve nem k\u00e9rhette, \u00fagy ig\u00e9nyelheti az ellenszolg\u00e1ltat\u00e1s ar\u00e1nyos lesz\u00e1ll\u00edt\u00e1s\u00e1t\u2013 v\u00e9gs\u0151 esetben \u2013 a szerz\u0151d\u00e9st\u0151l is el\u00e1llhat. V\u00e1lasztott kell\u00e9kszavatoss\u00e1gi jog\u00e1r\u00f3l egy m\u00e1sikra is \u00e1tt\u00e9rhet, az \u00e1tt\u00e9r\u00e9s k\u00f6lts\u00e9g\u00e9t azonban Felhaszn\u00e1l\u00f3 viseli, kiv\u00e9ve, ha az indokolt volt, vagy arra a v\u00e1llalkoz\u00e1s adott okot.<\/li>\n<li>A Fogyaszt\u00f3 akkor is jogosult &#8211; a szerz\u0151d\u00e9sszeg\u00e9s s\u00faly\u00e1hoz igazodva &#8211; az ellenszolg\u00e1ltat\u00e1s ar\u00e1nyos lesz\u00e1ll\u00edt\u00e1s\u00e1t ig\u00e9nyelni, vagy az ad\u00e1sv\u00e9teli szerz\u0151d\u00e9st megsz\u00fcntetni, ha\n<ul>\n<li>a v\u00e1llalkoz\u00e1s nem v\u00e9gezte el a kijav\u00edt\u00e1st vagy kicser\u00e9l\u00e9st, vagy elv\u00e9gezte azt, de r\u00e9szben vagy eg\u00e9szben nem v\u00e9gezte el a leszerel\u00e9st \u00e9s az \u00fajb\u00f3li \u00fczembe helyez\u00e9st, vagy megtagadta az \u00e1ru szerz\u0151d\u00e9sszer\u0171v\u00e9 t\u00e9tel\u00e9t;<\/li>\n<li>ism\u00e9telt teljes\u00edt\u00e9si hiba mer\u00fclt fel, annak ellen\u00e9re, hogy a v\u00e1llalkoz\u00e1s megk\u00eds\u00e9relte az \u00e1ru szerz\u0151d\u00e9sszer\u0171v\u00e9 t\u00e9tel\u00e9t;<\/li>\n<li>a teljes\u00edt\u00e9s hib\u00e1ja olyan s\u00faly\u00fa, hogy azonnali \u00e1rlesz\u00e1ll\u00edt\u00e1st vagy az ad\u00e1sv\u00e9teli szerz\u0151d\u00e9s azonnali megsz\u00fcntet\u00e9s\u00e9t teszi indokoltt\u00e1; vagy<\/li>\n<li>a v\u00e1llalkoz\u00e1s nem v\u00e1llalta az \u00e1ru szerz\u0151d\u00e9sszer\u0171v\u00e9 t\u00e9tel\u00e9t, vagy a k\u00f6r\u00fclm\u00e9nyekb\u0151l nyilv\u00e1nval\u00f3, hogy a v\u00e1llalkoz\u00e1s \u00e9szszer\u0171 hat\u00e1rid\u0151n bel\u00fcl vagy a fogyaszt\u00f3nak okozott jelent\u0151s \u00e9rdeks\u00e9relem n\u00e9lk\u00fcl nem fogja az \u00e1rut szerz\u0151d\u00e9sszer\u0171v\u00e9 tenni.<\/li>\n<\/ul>\n<\/li>\n<li>Ha a fogyaszt\u00f3 hib\u00e1s teljes\u00edt\u00e9sre hivatkozva k\u00edv\u00e1nja megsz\u00fcntetni az ad\u00e1sv\u00e9teli szerz\u0151d\u00e9st, a Szolg\u00e1ltat\u00f3t terheli annak bizony\u00edt\u00e1sa, hogy a hiba jelent\u00e9ktelen.<\/li>\n<li>A Fogyaszt\u00f3nak az \u00e1rut a kijav\u00edt\u00e1s vagy kicser\u00e9l\u00e9s teljes\u00edt\u00e9se \u00e9rdek\u00e9ben a Szolg\u00e1ltat\u00f3 rendelkez\u00e9s\u00e9re kell bocs\u00e1tania.<\/li>\n<li>A Szolg\u00e1ltat\u00f3nak a saj\u00e1t k\u00f6lts\u00e9g\u00e9re kell biztos\u00edtania a kicser\u00e9lt \u00e1ru visszav\u00e9tel\u00e9t. Ha a kijav\u00edt\u00e1s vagy kicser\u00e9l\u00e9s olyan \u00e1ru elt\u00e1vol\u00edt\u00e1s\u00e1t teszi sz\u00fcks\u00e9gess\u00e9, amelyet az \u00e1ru jelleg\u00e9nek \u00e9s c\u00e9lj\u00e1nak megfelel\u0151en &#8211; a hiba felismerhet\u0151v\u00e9 v\u00e1l\u00e1sa el\u0151tt &#8211; \u00fczembe helyeztek, akkor a kijav\u00edt\u00e1sra vagy kicser\u00e9l\u00e9sre vonatkoz\u00f3 k\u00f6telezetts\u00e9g mag\u00e1ban foglalja a nem megfelel\u0151 \u00e1ru elt\u00e1vol\u00edt\u00e1s\u00e1t \u00e9s a cserek\u00e9nt sz\u00e1ll\u00edtott vagy kijav\u00edtott \u00e1ru \u00fczembe helyez\u00e9s\u00e9t vagy az elt\u00e1vol\u00edt\u00e1s, illetve \u00fczembe helyez\u00e9s k\u00f6lts\u00e9geinek visel\u00e9s\u00e9t.<\/li>\n<li>Az ellenszolg\u00e1ltat\u00e1s lesz\u00e1ll\u00edt\u00e1sa akkor ar\u00e1nyos, ha annak \u00f6sszege megegyezik a Fogyaszt\u00f3nak szerz\u0151d\u00e9sszer\u0171 teljes\u00edt\u00e9s eset\u00e9n j\u00e1r\u00f3, valamint a Fogyaszt\u00f3 \u00e1ltal t\u00e9nylegesen megkapott \u00e1ru \u00e9rt\u00e9k\u00e9nek k\u00fcl\u00f6nb\u00f6zet\u00e9vel.<\/li>\n<li>A Fogyaszt\u00f3 ad\u00e1sv\u00e9teli szerz\u0151d\u00e9s megsz\u00fcntet\u00e9s\u00e9re vonatkoz\u00f3 kell\u00e9kszavatoss\u00e1gi joga a Szolg\u00e1ltat\u00f3nak c\u00edmzett, a megsz\u00fcntet\u00e9sre vonatkoz\u00f3 d\u00f6nt\u00e9st kifejez\u0151 jognyilatkozattal gyakorolhat\u00f3.<\/li>\n<li>Ha a hib\u00e1s teljes\u00edt\u00e9s az ad\u00e1sv\u00e9teli szerz\u0151d\u00e9s alapj\u00e1n szolg\u00e1ltatott \u00e1runak csak meghat\u00e1rozott r\u00e9sz\u00e9t \u00e9rinti, \u00e9s azok tekintet\u00e9ben a szerz\u0151d\u00e9s megsz\u00fcntet\u00e9s\u00e9re vonatkoz\u00f3 jog gyakorl\u00e1s\u00e1nak felt\u00e9telei fenn\u00e1llnak, a Fogyaszt\u00f3 az ad\u00e1sv\u00e9teli szerz\u0151d\u00e9st csak a hib\u00e1s \u00e1ru tekintet\u00e9ben sz\u00fcntetheti meg, de az azokkal egy\u00fctt szerzett b\u00e1rmely egy\u00e9b \u00e1ru vonatkoz\u00e1s\u00e1ban is megsz\u00fcntetheti, ha a Fogyaszt\u00f3t\u00f3l nem v\u00e1rhat\u00f3 el \u00e9szszer\u0171en, hogy csak a szerz\u0151d\u00e9snek megfelel\u0151 \u00e1rukat tartsa meg.<\/li>\n<li>Ha a Fogyaszt\u00f3 az ad\u00e1sv\u00e9teli szerz\u0151d\u00e9st teljes eg\u00e9sz\u00e9ben vagy az ad\u00e1sv\u00e9teli szerz\u0151d\u00e9s alapj\u00e1n szolg\u00e1ltatott \u00e1ruk egy r\u00e9sze tekintet\u00e9ben sz\u00fcnteti meg, \u00fagy\n<ul>\n<li>a Fogyaszt\u00f3nak a v\u00e1llalkoz\u00e1s k\u00f6lts\u00e9g\u00e9re vissza kell k\u00fcldenie a Szolg\u00e1ltat\u00f3nak az \u00e9rintett \u00e1rut; \u00e9s<\/li>\n<li>a Szolg\u00e1ltat\u00f3nak halad\u00e9ktalanul vissza kell t\u00e9r\u00edtenie a Fogyaszt\u00f3 r\u00e9sz\u00e9re az \u00e9rintett \u00e1ru vonatkoz\u00e1s\u00e1ban teljes\u00edtett v\u00e9tel\u00e1rat, amint az \u00e1rut vagy az \u00e1ru visszak\u00fcld\u00e9s\u00e9t al\u00e1t\u00e1maszt\u00f3 igazol\u00e1st \u00e1tvette.<\/li>\n<\/ul>\n<\/li>\n<li>Felhaszn\u00e1l\u00f3 (ha fogyaszt\u00f3nak min\u0151s\u00fcl) k\u00f6teles a hib\u00e1t annak felfedez\u00e9se ut\u00e1n halad\u00e9ktalanul, de nem k\u00e9s\u0151bb, mint a hiba felfedez\u00e9s\u00e9t\u0151l sz\u00e1m\u00edtott kett\u0151 h\u00f3napon bel\u00fcl k\u00f6z\u00f6lni. Ugyanakkor a szerz\u0151d\u00e9s teljes\u00edt\u00e9s\u00e9t\u0151l sz\u00e1m\u00edtott 2 \u00e9ves (haszn\u00e1lt term\u00e9kek eset\u00e9n 1 \u00e9ves) el\u00e9v\u00fcl\u00e9si hat\u00e1rid\u0151n t\u00fal kell\u00e9kszavatoss\u00e1gi jogok m\u00e1r nem \u00e9rv\u00e9nyes\u00edthet\u0151k. (Lej\u00e1rati id\u0151vel rendelkez\u0151 term\u00e9kek eset\u00e9ben a kell\u00e9kszavatoss\u00e1g a lej\u00e1rati id\u0151 v\u00e9g\u00e9ig \u00e9rv\u00e9nyes\u00edthet\u0151).<\/li>\n<li>Ha a <strong>digit\u00e1lis elemeket<\/strong> tartalmaz\u00f3 \u00e1ru eset\u00e9ben az ad\u00e1sv\u00e9teli szerz\u0151d\u00e9s a digit\u00e1lis tartalom vagy digit\u00e1lis szolg\u00e1ltat\u00e1s meghat\u00e1rozott id\u0151tartamon kereszt\u00fcl t\u00f6rt\u00e9n\u0151 folyamatos szolg\u00e1ltat\u00e1s\u00e1r\u00f3l rendelkezik, a Szolg\u00e1ltat\u00f3 felel az \u00e1ru digit\u00e1lis tartalommal vagy digit\u00e1lis szolg\u00e1ltat\u00e1ssal kapcsolatos hib\u00e1j\u00e1\u00e9rt, amennyiben a hiba\n<ul>\n<li>k\u00e9t \u00e9vet meg nem halad\u00f3 id\u0151tartam\u00fa folyamatos szolg\u00e1ltat\u00e1s eset\u00e9n az \u00e1ru teljes\u00edt\u00e9s\u00e9t\u0151l sz\u00e1m\u00edtott k\u00e9t \u00e9ven bel\u00fcl; vagy<\/li>\n<li>k\u00e9t \u00e9vet meghalad\u00f3 id\u0151tartam\u00fa folyamatos szolg\u00e1ltat\u00e1s eset\u00e9n a folyamatos szolg\u00e1ltat\u00e1s teljes id\u0151tartama alatt k\u00f6vetkezik be vagy v\u00e1lik felismerhet\u0151v\u00e9.<\/li>\n<\/ul>\n<\/li>\n<\/ul>\n<\/li>\n<\/ol>\n<ol start=\"13\">\n<li><strong><u>J\u00f3t\u00e1ll\u00e1s<\/u><\/strong>\n<ul>\n<li>Fogyaszt\u00f3 eset\u00e9ben amennyiben a Szolg\u00e1ltat\u00f3t\u00f3l megv\u00e1s\u00e1rolt term\u00e9k az egyes tart\u00f3s fogyaszt\u00e1si cikkekre vonatkoz\u00f3 k\u00f6telez\u0151 j\u00f3t\u00e1ll\u00e1sr\u00f3l sz\u00f3l\u00f3 151\/2003. (IX. 22.) Korm. rendelet hat\u00e1lya al\u00e1 tartozik, a Felhaszn\u00e1l\u00f3 a Korm. rendeletben szab\u00e1lyozottak szerint \u00e9lhet j\u00f3t\u00e1ll\u00e1si ig\u00e9ny\u00e9vel. A j\u00f3t\u00e1ll\u00e1si ig\u00e9ny \u00e9rv\u00e9nyes\u00edt\u00e9s\u00e9re 1 \u00e9v \u00e1ll a Felhaszn\u00e1l\u00f3 rendelkez\u00e9s\u00e9re, e hat\u00e1rid\u0151 elmulaszt\u00e1sa jogveszt\u00e9ssel j\u00e1r. A j\u00f3t\u00e1ll\u00e1si hat\u00e1rid\u0151 a fogyaszt\u00e1si cikk Fogyaszt\u00f3 r\u00e9sz\u00e9re t\u00f6rt\u00e9n\u0151 \u00e1tad\u00e1sa, vagy ha az \u00fczembe helyez\u00e9st a Szolg\u00e1ltat\u00f3 vagy annak megb\u00edzottja v\u00e9gzi, az \u00fczembe helyez\u00e9s napj\u00e1val kezd\u0151dik.<\/li>\n<li>A j\u00f3t\u00e1ll\u00e1si jegyet a Szolg\u00e1ltat\u00f3 a term\u00e9k k\u00e9zbes\u00edt\u00e9s\u00e9vel egyidej\u0171leg juttatja el a Fogyaszt\u00f3hoz. A j\u00f3t\u00e1ll\u00e1si ig\u00e9ny \u00e9rv\u00e9nyes\u00edt\u00e9s\u00e9hez a j\u00f3t\u00e1ll\u00e1si jegy bemutat\u00e1s\u00e1ra van sz\u00fcks\u00e9g, vagy a Szolg\u00e1ltat\u00f3n\u00e1l (el\u00e9rhet\u0151s\u00e9g\u00e9t l\u00e1sd az 1.14. pontban), vagy a j\u00f3t\u00e1ll\u00e1si jegyen felt\u00fcntetett jav\u00edt\u00f3szolg\u00e1latn\u00e1l.<\/li>\n<li>Ugyanazon hiba miatt Felhaszn\u00e1l\u00f3 kell\u00e9kszavatoss\u00e1gi \u00e9s j\u00f3t\u00e1ll\u00e1si ig\u00e9nyt, illetve term\u00e9kszavatoss\u00e1gi \u00e9s j\u00f3t\u00e1ll\u00e1si ig\u00e9nyt egyszerre, egym\u00e1ssal p\u00e1rhuzamosan nem \u00e9rv\u00e9nyes\u00edthet.<\/li>\n<\/ul>\n<\/li>\n<li><strong><u>Rendszerk\u00f6vetelm\u00e9nyek<\/u><\/strong>\n<ul>\n<li>A Szolg\u00e1ltat\u00f3 az Oldal fejleszt\u00e9se sor\u00e1n igyekszik azt a lehet\u0151 legt\u00f6bb eszk\u00f6z\u00f6n \u00e9s b\u00f6ng\u00e9sz\u0151ben el\u00e9rhet\u0151v\u00e9 tenni, kiz\u00e1r\u00f3lag a Felhaszn\u00e1l\u00f3 felel\u0151ss\u00e9ge azonban, hogy az Oldalon val\u00f3 bejelentkez\u00e9shez \u00e9s a Szolg\u00e1ltat\u00e1sok ig\u00e9nybev\u00e9tel\u00e9hez sz\u00fcks\u00e9ges hardveres \u00e9s szoftveres felt\u00e9teleket biztos\u00edtsa. Az Oldal megtekint\u00e9s\u00e9hez \u00e9s haszn\u00e1lat\u00e1hoz a legfrissebb Google Chrome (legal\u00e1bb Google Chrome 50) b\u00f6ng\u00e9sz\u0151 haszn\u00e1lata aj\u00e1nlott. A Szolg\u00e1ltat\u00f3 kiz\u00e1rja a felel\u0151ss\u00e9g\u00e9t a nem megfelel\u0151 b\u00f6ng\u00e9sz\u0151haszn\u00e1lat miatt bek\u00f6vetkez\u0151 felhaszn\u00e1l\u00f3i \u00e9lm\u00e9ny roml\u00e1s\u00e1\u00e9rt, hib\u00e1k\u00e9rt, k\u00e1rok\u00e9rt.<\/li>\n<\/ul>\n<\/li>\n<li><strong>Jog\u00e9rv\u00e9nyes\u00edt\u00e9si lehet\u0151s\u00e9gek<\/strong>\n<ul>\n<li>A Felhaszn\u00e1l\u00f3 a term\u00e9kkel vagy a Szolg\u00e1ltat\u00f3 tev\u00e9kenys\u00e9g\u00e9vel kapcsolatos fogyaszt\u00f3i kifog\u00e1sait az 1.14. pontban, a Szolg\u00e1ltat\u00f3 meghat\u00e1roz\u00e1s\u00e1n\u00e1l felt\u00fcntetett el\u00e9rhet\u0151s\u00e9geken terjesztheti el\u0151.<\/li>\n<li>Szolg\u00e1ltat\u00f3 a sz\u00f3beli panaszt, amennyiben arra lehet\u0151s\u00e9ge van, azonnal orvosolja. Ha a sz\u00f3beli panasz azonnali orvosl\u00e1s\u00e1ra nincs lehet\u0151s\u00e9g, a panasz jelleg\u00e9b\u0151l ad\u00f3d\u00f3an, vagy ha a Felhaszn\u00e1l\u00f3 a panasz kezel\u00e9s\u00e9vel nem \u00e9rt egyet, akkor a Szolg\u00e1ltat\u00f3 a panaszr\u00f3l jegyz\u0151k\u00f6nyvet \u2013 melyet \u00f6t \u00e9vig, a panaszra tett \u00e9rdemi v\u00e1lasz\u00e1val egy\u00fctt meg\u0151rzi \u2013 vesz fel. Szolg\u00e1ltat\u00f3 a jegyz\u0151k\u00f6nyv egy p\u00e9ld\u00e1ny\u00e1t szem\u00e9lyesen k\u00f6z\u00f6lt sz\u00f3beli panasz eset\u00e9n helyben a Felhaszn\u00e1l\u00f3nak \u00e1tadja, vagy ha ez nem lehets\u00e9ges, akkor az al\u00e1bb r\u00e9szletezett \u00edr\u00e1sbeli panaszra vonatkoz\u00f3 szab\u00e1lyok szerint j\u00e1r el. Szolg\u00e1ltat\u00f3 a telefonon vagy egy\u00e9b elektronikus h\u00edrk\u00f6zl\u00e9si szolg\u00e1ltat\u00e1s felhaszn\u00e1l\u00e1s\u00e1val k\u00f6z\u00f6lt sz\u00f3beli panasz eset\u00e9n a Felhaszn\u00e1l\u00f3nak legk\u00e9s\u0151bb az \u00e9rdemi v\u00e1lasszal egyidej\u0171leg megk\u00fcldi a jegyz\u0151k\u00f6nyv m\u00e1solati p\u00e9ld\u00e1ny\u00e1t. Minden egy\u00e9b esetben a Szolg\u00e1ltat\u00f3 az \u00edr\u00e1sbeli panaszra vonatkoz\u00f3 szab\u00e1lyok szerint j\u00e1r el.<\/li>\n<li>Szolg\u00e1ltat\u00f3 a hozz\u00e1 \u00edr\u00e1sban \u00e9rkezett panaszt 30 napon bel\u00fcl \u00e9rdemben megv\u00e1laszolja. Az int\u00e9zked\u00e9s jelen szerz\u0151d\u00e9s \u00e9rtelm\u00e9ben a post\u00e1ra ad\u00e1st jelenti.<\/li>\n<li>A panasz elutas\u00edt\u00e1sa eset\u00e9n Szolg\u00e1ltat\u00f3 az elutas\u00edt\u00e1s indok\u00e1r\u00f3l t\u00e1j\u00e9koztatja a Felhaszn\u00e1l\u00f3t.<\/li>\n<li>A jelen \u00c1SZF-re, valamint az annak alapj\u00e1n l\u00e9trej\u00f6v\u0151 valamennyi jogviszonyra, \u00edgy k\u00fcl\u00f6n\u00f6sen a Szolg\u00e1ltat\u00f3 \u00e9s a Felhaszn\u00e1l\u00f3 k\u00f6z\u00f6tt l\u00e9trej\u00f6v\u0151 szerz\u0151d\u00e9sre a magyar jogszab\u00e1lyok az ir\u00e1nyad\u00f3k. A Felhaszn\u00e1l\u00f3 \u00e9s a Szolg\u00e1ltat\u00f3 b\u00e1rmely a jelen \u00c1SZF-b\u0151l ered\u0151 vit\u00e1t els\u0151sorban b\u00e9k\u00e9s \u00faton \u2013 Felhaszn\u00e1l\u00f3 \u00e9s Szolg\u00e1ltat\u00f3 k\u00f6z\u00f6tti egyeztet\u00e9s, illetve ennek sikertelens\u00e9ge eset\u00e9n, amennyiben Felhaszn\u00e1l\u00f3 Fogyaszt\u00f3nak min\u0151s\u00fcl, b\u00e9k\u00e9ltet\u0151 test\u00fclethez fordul\u00e1s \u00fatj\u00e1n \u2013 k\u00eds\u00e9rel meg rendezni. A jogvita b\u00e9k\u00e9s rendez\u00e9s\u00e9nek sikertelens\u00e9ge eset\u00e9n b\u00e1rmely vita eld\u00f6nt\u00e9s\u00e9re, amely a jelen \u00c1SZF-b\u0151l vagy azzal \u00f6sszef\u00fcgg\u00e9sben, annak megszeg\u00e9s\u00e9vel, megsz\u0171n\u00e9s\u00e9vel, \u00e9rv\u00e9nyess\u00e9g\u00e9vel vagy \u00e9rtelmez\u00e9s\u00e9vel kapcsolatban keletkezik, a felek al\u00e1vetik magukat a Budai K\u00f6zponti Ker\u00fcleti B\u00edr\u00f3s\u00e1g kiz\u00e1r\u00f3lagos illet\u00e9kess\u00e9g\u00e9nek.<\/li>\n<\/ul>\n<\/li>\n<li><strong><u>Az \u00e1ltal\u00e1nos szerz\u0151d\u00e9si felt\u00e9telek egyes rendelkez\u00e9seinek \u00e9rv\u00e9nytelens\u00e9ge<\/u><\/strong>\n<ul>\n<li>Amennyiben a jelen \u00c1SZF b\u00e1rmely rendelkez\u00e9se \u00e9rv\u00e9nytelennek min\u0151s\u00fcl, az nem eredm\u00e9nyezi a jelen \u00c1SZF alapj\u00e1n l\u00e9trej\u00f6tt szerz\u0151d\u00e9s \u00e9rv\u00e9nytelens\u00e9g\u00e9t, \u00e9s a szerz\u0151d\u00e9s egy\u00e9b rendelkez\u00e9sei tov\u00e1bbra is hat\u00e1lyban maradnak. A szerz\u0151d\u00e9s hat\u00e1lyban marad\u00f3 rendelkez\u00e9seit \u00fagy kell \u00e9rtelmezni, hogy az a Szolg\u00e1ltat\u00f3 \u00e9s a Felhaszn\u00e1l\u00f3 eredeti akarat\u00e1t legink\u00e1bb t\u00fckr\u00f6zze.<\/li>\n<\/ul>\n<\/li>\n<li><strong>Vegyes rendelkez\u00e9sek<\/strong>\n<ul>\n<li>A Szolg\u00e1ltat\u00f3 fenntartja a jogot arra, hogy a jelen \u00c1SZF-et a Felhaszn\u00e1l\u00f3knak az Oldalon k\u00f6zz\u00e9tett t\u00e1j\u00e9koztat\u00e1sa mellett egyoldal\u00faan m\u00f3dos\u00edtsa. A m\u00f3dos\u00edtott \u00c1SZF-et a Szolg\u00e1ltat\u00f3 az Oldalon legk\u00e9s\u0151bb a m\u00f3dos\u00edtott \u00c1SZF hat\u00e1lybal\u00e9p\u00e9se el\u0151tti tizedik (10.) napon k\u00f6zz\u00e9teszi. Az \u00c1SZF hat\u00e1lybal\u00e9p\u00e9sekor a Felhaszn\u00e1l\u00f3nak kifejezetten nyilatkoznia kell, hogy a m\u00f3dos\u00edtott \u00c1SZF-et elfogadja. Amennyiben a Felhaszn\u00e1l\u00f3 ehhez nem j\u00e1rul hozz\u00e1, \u00fagy a tov\u00e1bbiakban nem tud az oldalon Szolg\u00e1ltat\u00e1sokat ig\u00e9nybe venni.<\/li>\n<li>Felhaszn\u00e1l\u00f3 r\u00e9sz\u00e9re seg\u00edts\u00e9get jelen \u00c1SZF-fel \u00f6sszef\u00fcgg\u00e9sben a Szolg\u00e1ltat\u00f3n\u00e1l a panaszkezel\u00e9s\u00e9rt felel\u0151s, kijel\u00f6lt szem\u00e9ly ny\u00fajt az tekerescsabi@gmail.com e-mail c\u00edmen kereszt\u00fcl.<\/li>\n<li>A Szolg\u00e1ltat\u00f3 kiz\u00e1rja a felel\u0151ss\u00e9g\u00e9t a m\u0171k\u00f6d\u00e9si k\u00f6r\u00e9n k\u00edv\u00fcl es\u0151 okokb\u00f3l sz\u00e1rmaz\u00f3 b\u00e1rmely k\u00e9sedelem\u00e9rt, nemteljes\u00edt\u00e9s\u00e9rt vagy k\u00e1rosod\u00e1s\u00e9rt, k\u00fcl\u00f6n\u00f6s tekintettel a vis maior esem\u00e9nyek okozta k\u00e1rok\u00e9rt, er\u0151hatalom, h\u00e1bor\u00fa, terrorizmus, zend\u00fcl\u00e9s, embarg\u00f3, a polg\u00e1ri vagy katonai hat\u00f3s\u00e1gok int\u00e9zked\u00e9sei, t\u0171z, \u00e1rv\u00edz, baleset, munkabesz\u00fcntet\u00e9s vagy a sz\u00e1ll\u00edt\u00e1si eszk\u00f6z\u00f6k, \u00fczemanyag, energia, munkaer\u0151 hi\u00e1nya, illetve az anyaghi\u00e1ny \u2013 miatt bek\u00f6vetkez\u0151 k\u00e9sedelem\u00e9rt, nemteljes\u00edt\u00e9s\u00e9rt vagy k\u00e1rosod\u00e1s\u00e9rt.<\/li>\n<li>Szolg\u00e1ltat\u00f3 t\u00e1j\u00e9koztatja a Fogyaszt\u00f3kat, hogy a fogyaszt\u00f3kkal szembeni tisztess\u00e9gtelen kereskedelmi gyakorlat tilalm\u00e1r\u00f3l sz\u00f3l\u00f3 t\u00f6rv\u00e9ny szerinti magatart\u00e1si k\u00f3dex nem \u00e1ll rendelkez\u00e9sre.<\/li>\n<\/ul>\n<\/li>\n<li><strong>A Fogyaszt\u00f3nk panasza eset\u00e9n lehet\u0151s\u00e9ge van b\u00e9k\u00e9ltet\u0151 test\u00fclethez fordulni, melyek el\u00e9rhet\u0151s\u00e9g\u00e9t itt tal\u00e1lja:<\/strong><\/li>\n<\/ol>\n<table style=\"font-weight: 400;\" width=\"100%\">\n<tbody>\n<tr>\n<td width=\"100%\">\n<p><strong>B\u00e9k\u00e9ltet\u0151 test\u00fclet neve<\/strong><\/p>\n<\/td>\n<td width=\"100%\">\n<p><strong>B\u00e9k\u00e9ltet\u0151 test\u00fclet sz\u00e9khelye, c\u00edme:<\/strong><\/p>\n<\/td>\n<td width=\"100%\">\n<p><strong>Illet\u00e9kess\u00e9gi ter\u00fclet<\/strong><\/p>\n<\/td>\n<\/tr>\n<tr>\n<td width=\"100%\">\n<p><strong>Budapesti B\u00e9k\u00e9ltet\u0151 Test\u00fclet<\/strong><\/p>\n<\/td>\n<td width=\"100%\">\n<p><strong>Budapest<\/strong><br \/>Budapesti B\u00e9k\u00e9ltet\u0151 Test\u00fclet<br \/>C\u00edme: 1016 Budapest, Krisztina krt. 99.Telefonsz\u00e1ma: (1) 488-2131<br \/>Fax sz\u00e1ma: (1) 488-2186<br \/>Eln\u00f6k: Dr. Inzelt \u00c9va Veronika Honlap c\u00edm: https:\/\/bekeltet.bkik.hu\/<br \/>E-mail c\u00edm: bekelteto.testulet@bkik.hu<\/p>\n<\/td>\n<td width=\"100%\">\n<p><strong>Budapest<\/strong><\/p>\n<\/td>\n<\/tr>\n<tr>\n<td rowspan=\"3\" width=\"100%\">\n<p><strong>Baranya V\u00e1rmegyei B\u00e9k\u00e9ltet\u0151 Test\u00fclet<\/strong><\/p>\n<\/td>\n<td rowspan=\"3\" width=\"100%\">\n<p><strong>P\u00e9cs<\/strong><br \/>Baranya V\u00e1rmegyei B\u00e9k\u00e9ltet\u0151 Test\u00fclet<br \/>C\u00edme: 7625 P\u00e9cs, Majorossy Imre u. 36.<br \/>Telefonsz\u00e1ma: (72) 507-154; (20) 283-3422<br \/>Fax sz\u00e1ma: (72) 507-152<br \/>Eln\u00f6k: Dr. B\u00e9rcesi Ferenc<br \/>Honlap c\u00edm: www.baranyabekeltetes.hu<br \/>E-mail c\u00edm: info@baranyabekeltetes.hu<br \/>kerelem@baranyabekeltetes.hu<\/p>\n<\/td>\n<td width=\"100%\">\n<p><strong>Baranya v\u00e1rmegye,<\/strong><\/p>\n<\/td>\n<\/tr>\n<tr>\n<td width=\"100%\">\n<p><strong>Somogy v\u00e1rmegye,<\/strong><\/p>\n<\/td>\n<\/tr>\n<tr>\n<td width=\"100%\">\n<p><strong>Tolna v\u00e1rmegye<\/strong><\/p>\n<\/td>\n<\/tr>\n<tr>\n<td rowspan=\"3\" width=\"100%\">\n<p><strong>Borsod-Aba\u00faj-Zempl\u00e9n<br \/>V\u00e1rmegyei B\u00e9k\u00e9ltet\u0151 Test\u00fclet<\/strong><\/p>\n<\/td>\n<td rowspan=\"3\" width=\"100%\">\n<p><strong>Miskolc<\/strong><br \/>Borsod-Aba\u00faj-Zempl\u00e9n V\u00e1rmegyei B\u00e9k\u00e9ltet\u0151 Test\u00fclet<br \/>C\u00edme: 3525 Miskolc, Szentp\u00e1li u. 1.<br \/>Telefonsz\u00e1ma: (46) 501-091 (\u00faj \u00fcgyek);<br \/>501-871 (folyamatban l\u00e9v\u0151 \u00fcgyek)<br \/>Eln\u00f6k: Dr. Tulip\u00e1n P\u00e9ter<br \/>Honlap c\u00edm: www.bekeltetes.borsodmegye.hu<br \/>E-mail c\u00edm: bekeltetes@bokik.hu<\/p>\n<\/td>\n<td width=\"100%\">\n<p><strong>Borsod-Aba\u00faj-Zempl\u00e9n v\u00e1rmegye,<\/strong><\/p>\n<\/td>\n<\/tr>\n<tr>\n<td width=\"100%\">\n<p><strong>Heves v\u00e1rmegye,<\/strong><\/p>\n<\/td>\n<\/tr>\n<tr>\n<td width=\"100%\">\n<p><strong>N\u00f3gr\u00e1d v\u00e1rmegye<\/strong><\/p>\n<\/td>\n<\/tr>\n<tr>\n<td rowspan=\"3\" width=\"100%\">\n<p><strong>Csongr\u00e1d-Csan\u00e1d V\u00e1rmegyei<br \/>B\u00e9k\u00e9ltet\u0151 Test\u00fclet<\/strong><\/p>\n<\/td>\n<td rowspan=\"3\" width=\"100%\">\n<p><strong>Szeged<\/strong><br \/>Csongr\u00e1d-Csan\u00e1d V\u00e1rmegyei B\u00e9k\u00e9ltet\u0151 Test\u00fclet<br \/>C\u00edme: 6721 Szeged, P\u00e1rizsi krt. 8-12.<br \/>Telefonsz\u00e1ma: (62) 554-250\/118 mell\u00e9k<br \/>Fax sz\u00e1ma: (62) 426-149<br \/>Eln\u00f6k: Dr. Horv\u00e1th K\u00e1roly<br \/>Honlap c\u00edm: www.bekeltetes-csongrad.hu<br \/>E-mail c\u00edm: bekelteto.testulet@csmkik.hu<\/p>\n<\/td>\n<td width=\"100%\">\n<p><strong>B\u00e9k\u00e9s v\u00e1rmegye,<\/strong><\/p>\n<\/td>\n<\/tr>\n<tr>\n<td width=\"100%\">\n<p><strong>B\u00e1cs-Kiskun v\u00e1rmegye,<\/strong><\/p>\n<\/td>\n<\/tr>\n<tr>\n<td width=\"100%\">\n<p><strong>Csongr\u00e1d-Csan\u00e1d v\u00e1rmegye<\/strong><\/p>\n<\/td>\n<\/tr>\n<tr>\n<td rowspan=\"3\" width=\"100%\">\n<p><strong>Fej\u00e9r V\u00e1rmegyei B\u00e9k\u00e9ltet\u0151 Test\u00fclet<\/strong><\/p>\n<\/td>\n<td rowspan=\"3\" width=\"100%\">\n<p><strong>Sz\u00e9kesfeh\u00e9rv\u00e1r<\/strong><br \/>Fej\u00e9r V\u00e1rmegyei B\u00e9k\u00e9ltet\u0151 Test\u00fclet<br \/>C\u00edme: 8000 Sz\u00e9kesfeh\u00e9rv\u00e1r, Hossz\u00fas\u00e9ta t\u00e9r 4-6.<br \/>Telefonsz\u00e1ma: (22) 510-310<br \/>Fax sz\u00e1ma: (22) 510-312<br \/>Eln\u00f6k: Dr. V\u00e1ri Kov\u00e1cs J\u00f3zsef<br \/>Honlap c\u00edm: www.bekeltetesfejer.hu<br \/>E-mail c\u00edm: bekeltetes@fmkik.hu; fmkik@fmkik.hu<\/p>\n<\/td>\n<td width=\"100%\">\n<p><strong>Fej\u00e9r v\u00e1rmegye,<\/strong><\/p>\n<\/td>\n<\/tr>\n<tr>\n<td width=\"100%\">\n<p><strong>Kom\u00e1rom-Esztergom v\u00e1rmegye,<\/strong><\/p>\n<\/td>\n<\/tr>\n<tr>\n<td width=\"100%\">\n<p><strong>Veszpr\u00e9m v\u00e1rmegye<\/strong><\/p>\n<\/td>\n<\/tr>\n<tr>\n<td rowspan=\"3\" width=\"100%\">\n<p><strong>Gy\u0151r-Moson-Sopron V\u00e1rmegyei<br \/>B\u00e9k\u00e9ltet\u0151 Test\u00fclet<\/strong><\/p>\n<\/td>\n<td rowspan=\"3\" width=\"100%\">\n<p><strong>Gy\u0151r<\/strong><br \/>Gy\u0151r-Moson-Sopron V\u00e1rmegyei B\u00e9k\u00e9ltet\u0151 Test\u00fclet<br \/>C\u00edme: 9021 Gy\u0151r, Szent Istv\u00e1n \u00fat 10\/a.<br \/>Telefonsz\u00e1ma: (96) 520-217<br \/>Eln\u00f6k: Dr. Bagoly Be\u00e1ta<br \/>Honlap c\u00edm: https:\/\/gymsmkik.hu\/bekelteto<br \/>E-mail c\u00edm: bekeltetotestulet@gymskik.hu<\/p>\n<\/td>\n<td width=\"100%\">\n<p><strong>Gy\u0151r-Moson-Sopron v\u00e1rmegye,<\/strong><\/p>\n<\/td>\n<\/tr>\n<tr>\n<td width=\"100%\">\n<p><strong>Vas v\u00e1rmegye,<\/strong><\/p>\n<\/td>\n<\/tr>\n<tr>\n<td width=\"100%\">\n<p><strong>Zala v\u00e1rmegye<\/strong><\/p>\n<\/td>\n<\/tr>\n<tr>\n<td rowspan=\"3\" width=\"100%\">\n<p><strong>Hajd\u00fa-Bihar V\u00e1rmegyei<br \/>B\u00e9k\u00e9ltet\u0151 Test\u00fclet<\/strong><\/p>\n<\/td>\n<td rowspan=\"3\" width=\"100%\">\n<p><strong>Debrecen<\/strong><br \/>Hajd\u00fa-Bihar V\u00e1rmegyei B\u00e9k\u00e9ltet\u0151 Test\u00fclet<br \/>Sz\u00e9khelye: 4025 Debrecen, Pet\u0151fi t\u00e9r 10.<br \/>\u00dcgyint\u00e9z\u00e9s helysz\u00edne: 4025 Debrecen V\u00f6r\u00f6smarty u. 13-15.<br \/>Telefonsz\u00e1ma: (52) 500-710; (52) 500-745<br \/>Fax sz\u00e1ma: (52) 500-720<br \/>Eln\u00f6k: Dr. Hajnal Zsolt<br \/>Honlap c\u00edm: https:\/\/www.hbmbekeltetes.hu<br \/>E-mail c\u00edm: bekelteto@hbkik.hu<\/p>\n<\/td>\n<td width=\"100%\">\n<p><strong>J\u00e1sz-Nagykun-Szolnok v\u00e1rmegye,<\/strong><\/p>\n<\/td>\n<\/tr>\n<tr>\n<td width=\"100%\">\n<p><strong>Hajd\u00fa-Bihar v\u00e1rmegye,<\/strong><\/p>\n<\/td>\n<\/tr>\n<tr>\n<td width=\"100%\">\n<p><strong>Szabolcs-Szatm\u00e1r-Bereg v\u00e1rmegye<\/strong><\/p>\n<\/td>\n<\/tr>\n<tr>\n<td width=\"100%\">\n<p><strong>Pest V\u00e1rmegyei B\u00e9k\u00e9ltet\u0151 Test\u00fclet<\/strong><\/p>\n<\/td>\n<td width=\"100%\">\n<p><strong>Budapest<\/strong><br \/>Pest V\u00e1rmegyei B\u00e9k\u00e9ltet\u0151 Test\u00fclet<br \/>Sz\u00e9khelye: 1055 Budapest, Balassi B\u00e1lint u. 25. IV\/2.<br \/>Telefonsz\u00e1ma: +36 1 792 7881<br \/>Eln\u00f6k: Dr. Koncz P\u00e1l<br \/>Honlap c\u00edm: www.pestmegyeibekelteto.hu;<br \/>www.panaszrendezes.hu<br \/>E-mail c\u00edm: pmbekelteto@pmkik.hu<\/p>\n<\/td>\n<td width=\"100%\">\n<p><strong>Pest v\u00e1rmegye<\/strong><\/p>\n<\/td>\n<\/tr>\n<\/tbody>\n<\/table>\n<ul>\n<li>A b\u00e9k\u00e9ltet\u0151 test\u00fclet hat\u00e1sk\u00f6r\u00e9be tartozik a fogyaszt\u00f3i jogvita b\u00edr\u00f3s\u00e1gi elj\u00e1r\u00e1son k\u00edv\u00fcli rendez\u00e9se. A b\u00e9k\u00e9ltet\u0151 test\u00fclet feladata, hogy megk\u00eds\u00e9relje a fogyaszt\u00f3i jogvita rendez\u00e9se c\u00e9lj\u00e1b\u00f3l egyezs\u00e9g l\u00e9trehoz\u00e1s\u00e1t a felek k\u00f6z\u00f6tt, ennek eredm\u00e9nytelens\u00e9ge eset\u00e9n az \u00fcgyben d\u00f6nt\u00e9st hoz a fogyaszt\u00f3i jogok egyszer\u0171, gyors, hat\u00e9kony \u00e9s k\u00f6lts\u00e9gk\u00edm\u00e9l\u0151 \u00e9rv\u00e9nyes\u00edt\u00e9s\u00e9nek biztos\u00edt\u00e1sa \u00e9rdek\u00e9ben. A b\u00e9k\u00e9ltet\u0151 test\u00fclet a fogyaszt\u00f3 vagy a Szolg\u00e1ltat\u00f3 k\u00e9r\u00e9s\u00e9re tan\u00e1csot ad a fogyaszt\u00f3t megillet\u0151 jogokkal \u00e9s a fogyaszt\u00f3t terhel\u0151 k\u00f6telezetts\u00e9gekkel kapcsolatban.<\/li>\n<li>A b\u00e9k\u00e9ltet\u0151i test\u00fcleti elj\u00e1r\u00e1sban, egyezs\u00e9g hi\u00e1ny\u00e1ban a tan\u00e1cs az \u00fcgy \u00e9rdem\u00e9ben\n<ul>\n<li>k\u00f6telez\u00e9st tartalmaz\u00f3 hat\u00e1rozatot hoz, ha\n<ul>\n<li>a k\u00e9relem megalapozott, \u00e9s a v\u00e1llalkoz\u00e1s \u2013 a b\u00e9k\u00e9ltet\u0151 test\u00fcletn\u00e9l vagy a kamar\u00e1n\u00e1l nyilv\u00e1ntartott, illetve kereskedelmi kommunik\u00e1ci\u00f3j\u00e1ban k\u00f6z\u00f6lt \u2013 a 36\/C. \u00a7 szerinti \u00e1ltal\u00e1nos al\u00e1vet\u00e9si nyilatkozat\u00e1ban, az elj\u00e1r\u00e1s kezdetekor vagy legk\u00e9s\u0151bb a d\u00f6nt\u00e9s meghozatal\u00e1ig nyilatkozat\u00e1ban a b\u00e9k\u00e9ltet\u0151 test\u00fclet d\u00f6nt\u00e9s\u00e9t mag\u00e1ra n\u00e9zve k\u00f6telez\u0151k\u00e9nt elismerte, vagy<\/li>\n<li>a v\u00e1llalkoz\u00e1s al\u00e1vet\u00e9si nyilatkozatot nem tett, de a k\u00e9relem megalapozott \u00e9s a fogyaszt\u00f3 \u00e9rv\u00e9nyes\u00edteni k\u00edv\u00e1nt ig\u00e9nye \u2013 sem a k\u00e9relemben, sem a k\u00f6telez\u00e9st tartalmaz\u00f3 hat\u00e1rozat meghozatalakor \u2013 nem haladja meg a k\u00e9tsz\u00e1zezer forintot, vagy<\/li>\n<\/ul>\n<\/li>\n<li>aj\u00e1nl\u00e1st tesz, ha a k\u00e9relem megalapozott, azonban a v\u00e1llalkoz\u00e1s az elj\u00e1r\u00e1s kezdetekor \u00fagy nyilatkozott, hogy a tan\u00e1cs d\u00f6nt\u00e9s\u00e9t k\u00f6telez\u00e9sk\u00e9nt nem ismeri el, illetve, ha a tan\u00e1cs d\u00f6nt\u00e9s\u00e9nek elismer\u00e9s\u00e9r\u0151l egy\u00e1ltal\u00e1n nem nyilatkozott.<\/li>\n<\/ul>\n<\/li>\n<li>Online ad\u00e1sv\u00e9teli vagy online szolg\u00e1ltat\u00e1si szerz\u0151d\u00e9ssel \u00f6sszef\u00fcgg\u0151 hat\u00e1ron \u00e1tny\u00fal\u00f3 fogyaszt\u00f3i jogvita eset\u00e9n az elj\u00e1r\u00e1sra kiz\u00e1r\u00f3lag a f\u0151v\u00e1rosi kereskedelmi \u00e9s iparkamara mellett m\u0171k\u00f6d\u0151 b\u00e9k\u00e9ltet\u0151 test\u00fclet illet\u00e9kes.<\/li>\n<li>A Fogyaszt\u00f3 panasza eset\u00e9n ig\u00e9nybe veheti az Uni\u00f3s online vitarendez\u00e9si platformot. A platform ig\u00e9nybev\u00e9tele egy egyszer\u0171 regisztr\u00e1ci\u00f3t ig\u00e9nyel az Eur\u00f3pai Bizotts\u00e1g rendszer\u00e9ben, ide kattintva. Ezt k\u00f6vet\u0151en pedig bejelentkez\u00e9s ut\u00e1n ny\u00fajthatja be panasz\u00e1t a fogyaszt\u00f3 az online honlapon kereszt\u00fcl, amelynek c\u00edme: <a href=\"http:\/\/ec.europa.eu\/odr\">http:\/\/ec.europa.eu\/odr<\/a><\/li>\n<li>Szolg\u00e1ltat\u00f3t a b\u00e9k\u00e9ltet\u0151 test\u00fcleti elj\u00e1r\u00e1sban egy\u00fcttm\u0171k\u00f6d\u00e9si k\u00f6telezetts\u00e9g terheli. Ennek keret\u00e9ben k\u00f6teles a v\u00e1laszirat\u00e1t megk\u00fcldeni a b\u00e9k\u00e9ltet\u0151 test\u00fclet sz\u00e1m\u00e1ra \u00e9s a meghallgat\u00e1son egyezs\u00e9g l\u00e9trehozatal\u00e1ra feljogos\u00edtott szem\u00e9ly r\u00e9szv\u00e9tel\u00e9t biztos\u00edtani. Amennyiben a Szolg\u00e1ltat\u00f3 sz\u00e9khelye vagy telephelye nem a ter\u00fcletileg illet\u00e9kes b\u00e9k\u00e9ltet\u0151 test\u00fcletet m\u0171k\u00f6dtet\u0151 kamara szerinti v\u00e1rmegy\u00e9be van bejegyezve, a Szolg\u00e1ltat\u00f3 egy\u00fcttm\u0171k\u00f6d\u00e9si k\u00f6telezetts\u00e9ge a fogyaszt\u00f3 ig\u00e9ny\u00e9nek megfelel\u0151 \u00edr\u00e1sbeli egyezs\u00e9gk\u00f6t\u00e9s lehet\u0151s\u00e9g\u00e9nek felaj\u00e1nl\u00e1s\u00e1ra terjed ki.<\/li>\n<\/ul>\n<ol start=\"2024\">\n<li style=\"font-weight: 400;\">m\u00e1jus 15.<\/li>\n<\/ol>\t\t\t\t\t\t<\/div>\n\t\t\t\t<\/div>\n\t\t\t\t\t<\/div>\n\t\t\t\t<\/div>\n\t\t\t\t<\/div>","protected":false},"excerpt":{"rendered":"<p>6PEKK -\u00c1LTAL\u00c1NOS SZERZ\u0150D\u00c9SI FELT\u00c9TELEK- Jelen dokumentum alapj\u00e1n l\u00e9trej\u00f6tt szerz\u0151d\u00e9s nem ker\u00fcl iktat\u00e1sra (ut\u00f3lag nem hozz\u00e1f\u00e9rhet\u0151, a szerz\u0151d\u00e9s megk\u00f6t\u00e9s\u00e9t a rendel\u00e9si adatok bizony\u00edtj\u00e1k), kiz\u00e1r\u00f3lag elektronikus form\u00e1ban ker\u00fcl megk\u00f6t\u00e9sre, nem min\u0151s\u00fcl \u00edr\u00e1sbeli szerz\u0151d\u00e9snek, magyar nyelven \u00edr\u00f3dik. A weboldal m\u0171k\u00f6d\u00e9s\u00e9vel, megrendel\u00e9si folyamat\u00e1val kapcsolatosan a lent megadott el\u00e9rhet\u0151s\u00e9gen \u00e1llunk az \u00d6n\u00f6k rendelkez\u00e9s\u00e9re. Jelen \u00c1ltal\u00e1nos Szerz\u0151d\u00e9si Felt\u00e9telek (a tov\u00e1bbiakban: \u201e\u00c1SZF\u201d) [&hellip;]<\/p>","protected":false},"author":1,"featured_media":0,"parent":0,"menu_order":0,"comment_status":"closed","ping_status":"open","template":"","meta":{"pmpro_default_level":"","_uag_custom_page_level_css":"","site-sidebar-layout":"default","site-content-layout":"","ast-site-content-layout":"default","site-content-style":"default","site-sidebar-style":"default","ast-global-header-display":"","ast-banner-title-visibility":"","ast-main-header-display":"","ast-hfb-above-header-display":"","ast-hfb-below-header-display":"","ast-hfb-mobile-header-display":"","site-post-title":"","ast-breadcrumbs-content":"","ast-featured-img":"","footer-sml-layout":"","theme-transparent-header-meta":"default","adv-header-id-meta":"","stick-header-meta":"","header-above-stick-meta":"","header-main-stick-meta":"","header-below-stick-meta":"","astra-migrate-meta-layouts":"set","ast-page-background-enabled":"default","ast-page-background-meta":{"desktop":{"background-color":"var(--ast-global-color-4)","background-image":"","background-repeat":"repeat","background-position":"center center","background-size":"auto","background-attachment":"scroll","background-type":"","background-media":"","overlay-type":"","overlay-color":"","overlay-gradient":""},"tablet":{"background-color":"","background-image":"","background-repeat":"repeat","background-position":"center center","background-size":"auto","background-attachment":"scroll","background-type":"","background-media":"","overlay-type":"","overlay-color":"","overlay-gradient":""},"mobile":{"background-color":"","background-image":"","background-repeat":"repeat","background-position":"center center","background-size":"auto","background-attachment":"scroll","background-type":"","background-media":"","overlay-type":"","overlay-color":"","overlay-gradient":""}},"ast-content-background-meta":{"desktop":{"background-color":"var(--ast-global-color-5)","background-image":"","background-repeat":"repeat","background-position":"center center","background-size":"auto","background-attachment":"scroll","background-type":"","background-media":"","overlay-type":"","overlay-color":"","overlay-gradient":""},"tablet":{"background-color":"var(--ast-global-color-5)","background-image":"","background-repeat":"repeat","background-position":"center center","background-size":"auto","background-attachment":"scroll","background-type":"","background-media":"","overlay-type":"","overlay-color":"","overlay-gradient":""},"mobile":{"background-color":"var(--ast-global-color-5)","background-image":"","background-repeat":"repeat","background-position":"center center","background-size":"auto","background-attachment":"scroll","background-type":"","background-media":"","overlay-type":"","overlay-color":"","overlay-gradient":""}},"footnotes":""},"class_list":["post-3","page","type-page","status-publish","hentry","pmpro-has-access"],"uagb_featured_image_src":{"full":false,"thumbnail":false,"medium":false,"medium_large":false,"large":false,"1536x1536":false,"2048x2048":false,"trp-custom-language-flag":false},"uagb_author_info":{"display_name":"admin","author_link":"https:\/\/6pekk.hu\/en\/author\/admin\/"},"uagb_comment_info":0,"uagb_excerpt":"6PEKK -\u00c1LTAL\u00c1NOS SZERZ\u0150D\u00c9SI FELT\u00c9TELEK- Jelen dokumentum alapj\u00e1n l\u00e9trej\u00f6tt szerz\u0151d\u00e9s nem ker\u00fcl iktat\u00e1sra (ut\u00f3lag nem hozz\u00e1f\u00e9rhet\u0151, a szerz\u0151d\u00e9s megk\u00f6t\u00e9s\u00e9t a rendel\u00e9si adatok bizony\u00edtj\u00e1k), kiz\u00e1r\u00f3lag elektronikus form\u00e1ban ker\u00fcl megk\u00f6t\u00e9sre, nem min\u0151s\u00fcl \u00edr\u00e1sbeli szerz\u0151d\u00e9snek, magyar nyelven \u00edr\u00f3dik. A weboldal m\u0171k\u00f6d\u00e9s\u00e9vel, megrendel\u00e9si folyamat\u00e1val kapcsolatosan a lent megadott el\u00e9rhet\u0151s\u00e9gen \u00e1llunk az \u00d6n\u00f6k rendelkez\u00e9s\u00e9re. Jelen \u00c1ltal\u00e1nos Szerz\u0151d\u00e9si Felt\u00e9telek (a tov\u00e1bbiakban: \u201e\u00c1SZF\u201d)&hellip;","_links":{"self":[{"href":"https:\/\/6pekk.hu\/en\/wp-json\/wp\/v2\/pages\/3","targetHints":{"allow":["GET"]}}],"collection":[{"href":"https:\/\/6pekk.hu\/en\/wp-json\/wp\/v2\/pages"}],"about":[{"href":"https:\/\/6pekk.hu\/en\/wp-json\/wp\/v2\/types\/page"}],"author":[{"embeddable":true,"href":"https:\/\/6pekk.hu\/en\/wp-json\/wp\/v2\/users\/1"}],"replies":[{"embeddable":true,"href":"https:\/\/6pekk.hu\/en\/wp-json\/wp\/v2\/comments?post=3"}],"version-history":[{"count":4,"href":"https:\/\/6pekk.hu\/en\/wp-json\/wp\/v2\/pages\/3\/revisions"}],"predecessor-version":[{"id":2485,"href":"https:\/\/6pekk.hu\/en\/wp-json\/wp\/v2\/pages\/3\/revisions\/2485"}],"wp:attachment":[{"href":"https:\/\/6pekk.hu\/en\/wp-json\/wp\/v2\/media?parent=3"}],"curies":[{"name":"wp","href":"https:\/\/api.w.org\/{rel}","templated":true}]}}