{"id":2490,"date":"2024-05-13T15:32:39","date_gmt":"2024-05-13T14:32:39","guid":{"rendered":"https:\/\/6pekk.hu\/?page_id=2490"},"modified":"2024-05-13T15:33:47","modified_gmt":"2024-05-13T14:33:47","slug":"altalanos-szerzodesi-feltetelek-aszf","status":"publish","type":"page","link":"https:\/\/6pekk.hu\/en\/altalanos-szerzodesi-feltetelek-aszf\/","title":{"rendered":"Privacy Policy"},"content":{"rendered":"<div data-elementor-type=\"wp-page\" data-elementor-id=\"2490\" class=\"elementor elementor-2490\">\n\t\t\t\t<div class=\"elementor-element elementor-element-779827d e-flex e-con-boxed e-con e-parent\" data-id=\"779827d\" data-element_type=\"container\" data-core-v316-plus=\"true\">\n\t\t\t\t\t<div class=\"e-con-inner\">\n\t\t\t\t<div class=\"elementor-element elementor-element-146575f1 elementor-widget elementor-widget-text-editor\" data-id=\"146575f1\" data-element_type=\"widget\" data-widget_type=\"text-editor.default\">\n\t\t\t\t<div class=\"elementor-widget-container\">\n\t\t\t<style>\/*! elementor - v3.20.0 - 26-03-2024 *\/\n.elementor-widget-text-editor.elementor-drop-cap-view-stacked .elementor-drop-cap{background-color:#69727d;color:#fff}.elementor-widget-text-editor.elementor-drop-cap-view-framed .elementor-drop-cap{color:#69727d;border:3px solid;background-color:transparent}.elementor-widget-text-editor:not(.elementor-drop-cap-view-default) .elementor-drop-cap{margin-top:8px}.elementor-widget-text-editor:not(.elementor-drop-cap-view-default) .elementor-drop-cap-letter{width:1em;height:1em}.elementor-widget-text-editor .elementor-drop-cap{float:left;text-align:center;line-height:1;font-size:50px}.elementor-widget-text-editor .elementor-drop-cap-letter{display:inline-block}<\/style>\t\t\t\t<p><span class=\"Apple-converted-space\">\u00a0<\/span><b>1<span class=\"Apple-converted-space\">\u00a0<\/span><\/b><\/p><p><span class=\"Apple-converted-space\">\u00a0<\/span>ADATV\u00c9DELMI T\u00c1J\u00c9KOZTAT\u00d3<span class=\"Apple-converted-space\">\u00a0<\/span><\/p><p>BEVEZET\u00c9S<span class=\"Apple-converted-space\">\u00a0<\/span><\/p><p><b>Tekeres S\u00e1ndor Csaba E.V. <\/b>(sz\u00e9khely: 2454 Iv\u00e1ncsa, F\u0151 u. 170., ad\u00f3sz\u00e1m: 53670827-1-27, e-mail: tekerescsabi@gmail.com, telefon: +36(30)3600-823) (a tov\u00e1bbiakban: Szolg\u00e1ltat\u00f3, adatkezel\u0151) al\u00e1 veti mag\u00e1t a k\u00f6vetkez\u0151 t\u00e1j\u00e9koztat\u00f3nak.<span class=\"Apple-converted-space\">\u00a0<\/span><\/p><p>A term\u00e9szetes szem\u00e9lyeknek a szem\u00e9lyes adatok kezel\u00e9se tekintet\u00e9ben t\u00f6rt\u00e9n\u0151 v\u00e9delm\u00e9r\u0151l \u00e9s az ilyen adatok szabad \u00e1raml\u00e1s\u00e1r\u00f3l, valamint a 95\/46\/EK rendelet hat\u00e1lyon k\u00edv\u00fcl helyez\u00e9s\u00e9r\u0151l (\u00e1ltal\u00e1nos adatv\u00e9delmi rendelet) AZ EUR\u00d3PAI PARLAMENT \u00c9S A TAN\u00c1CS (EU) 2016\/679 RENDELETE (2016. \u00e1prilis 27.) &#8211; tov\u00e1bbiakban: GDPR &#8211; szerint az al\u00e1bbi t\u00e1j\u00e9koztat\u00e1st adom.<span class=\"Apple-converted-space\">\u00a0<\/span><\/p><p>Jelen adatkezel\u00e9si t\u00e1j\u00e9koztat\u00f3 az al\u00e1bbi weboldal adatkezel\u00e9s\u00e9t szab\u00e1lyozza: https:\/\/www.6pekk.hu \u00e9s a fenti tartalmi el\u0151\u00edr\u00e1son alapul.<span class=\"Apple-converted-space\">\u00a0<\/span><\/p><p>A t\u00e1j\u00e9koztat\u00f3 el\u00e9rhet\u0151 az al\u00e1bbi oldalr\u00f3l:<span class=\"Apple-converted-space\">\u00a0<\/span><\/p><p>https:\/\/6pekk.hu<span class=\"Apple-converted-space\">\u00a0<\/span><\/p><p>A t\u00e1j\u00e9koztat\u00f3 m\u00f3dos\u00edt\u00e1sai a fenti c\u00edmen t\u00f6rt\u00e9n\u0151 k\u00f6zz\u00e9t\u00e9tellel l\u00e9pnek hat\u00e1lyba.<span class=\"Apple-converted-space\">\u00a0<\/span><\/p><p>AZ ADATKEZEL\u0150 \u00c9S EL\u00c9RHET\u0150S\u00c9GEI:<span class=\"Apple-converted-space\">\u00a0<\/span><\/p><p>N\u00e9v: <b>Tekeres S\u00e1ndor Csaba E.V. <\/b>Sz\u00e9khely: 2454 Iv\u00e1ncsa, F\u0151 u. 170. E-mail: tekerescsabi@gmail.com Telefon: +36(30)3600-823<span class=\"Apple-converted-space\">\u00a0<\/span><\/p><p>FOGALOM MEGHAT\u00c1ROZ\u00c1SOK<span class=\"Apple-converted-space\">\u00a0<\/span><\/p><p>1. <b>\u201eszem\u00e9lyes adat<\/b>\u201d: azonos\u00edtott vagy azonos\u00edthat\u00f3 term\u00e9szetes szem\u00e9lyre (\u201e\u00e9rintett\u201d) vonatkoz\u00f3 b\u00e1rmely inform\u00e1ci\u00f3; azonos\u00edthat\u00f3 az a term\u00e9szetes szem\u00e9ly, aki k\u00f6zvetlen vagy k\u00f6zvetett m\u00f3don, k\u00fcl\u00f6n\u00f6sen valamely azonos\u00edt\u00f3, p\u00e9ld\u00e1ul n\u00e9v, sz\u00e1m, helymeghat\u00e1roz\u00f3 adat, online azonos\u00edt\u00f3 vagy a term\u00e9szetes szem\u00e9ly testi, fiziol\u00f3giai, genetikai, szellemi, gazdas\u00e1gi, kultur\u00e1lis vagy szoci\u00e1lis azonoss\u00e1g\u00e1ra vonatkoz\u00f3 egy vagy t\u00f6bb t\u00e9nyez\u0151 alapj\u00e1n azonos\u00edthat\u00f3;<span class=\"Apple-converted-space\">\u00a0<\/span><\/p><p>2<b>. \u201eadatkezel\u00e9s\u201d: <\/b>a szem\u00e9lyes adatokon vagy adat\u00e1llom\u00e1nyokon automatiz\u00e1lt vagy nem automatiz\u00e1lt m\u00f3don v\u00e9gzett b\u00e1rmely m\u0171velet vagy m\u0171veletek \u00f6sszess\u00e9ge, \u00edgy a gy\u0171jt\u00e9s, r\u00f6gz\u00edt\u00e9s, rendszerez\u00e9s, tagol\u00e1s, t\u00e1rol\u00e1s, \u00e1talak\u00edt\u00e1s vagy megv\u00e1ltoztat\u00e1s, lek\u00e9rdez\u00e9s, betekint\u00e9s, felhaszn\u00e1l\u00e1s, k\u00f6zl\u00e9s tov\u00e1bb\u00edt\u00e1s, terjeszt\u00e9s vagy egy\u00e9b m\u00f3don t\u00f6rt\u00e9n\u0151 <b>2<span class=\"Apple-converted-space\">\u00a0<\/span><\/b><\/p><p>hozz\u00e1f\u00e9rhet\u0151v\u00e9 t\u00e9tel \u00fatj\u00e1n, \u00f6sszehangol\u00e1s vagy \u00f6sszekapcsol\u00e1s, korl\u00e1toz\u00e1s, t\u00f6rl\u00e9s, illetve megsemmis\u00edt\u00e9s;<span class=\"Apple-converted-space\">\u00a0<\/span><\/p><p>3. <b>\u201eadatkezel\u0151\u201d: <\/b>az a term\u00e9szetes vagy jogi szem\u00e9ly, k\u00f6zhatalmi szerv, \u00fcgyn\u00f6ks\u00e9g vagy b\u00e1rmely egy\u00e9b szerv, amely a szem\u00e9lyes adatok kezel\u00e9s\u00e9nek c\u00e9ljait \u00e9s eszk\u00f6zeit \u00f6n\u00e1ll\u00f3an vagy m\u00e1sokkal egy\u00fctt meghat\u00e1rozza; ha az adatkezel\u00e9s c\u00e9ljait \u00e9s eszk\u00f6zeit az uni\u00f3s vagy a tag\u00e1llami jog hat\u00e1rozza meg, az adatkezel\u0151t vagy az adatkezel\u0151 kijel\u00f6l\u00e9s\u00e9re vonatkoz\u00f3 k\u00fcl\u00f6n\u00f6s szempontokat az uni\u00f3s vagy a tag\u00e1llami jog is meghat\u00e1rozhatja;<span class=\"Apple-converted-space\">\u00a0<\/span><\/p><p>4. <b>\u201eadatfeldolgoz\u00f3\u201d: <\/b>az a term\u00e9szetes vagy jogi szem\u00e9ly, k\u00f6zhatalmi szerv, \u00fcgyn\u00f6ks\u00e9g vagy b\u00e1rmely egy\u00e9b szerv, amely az adatkezel\u0151 nev\u00e9ben szem\u00e9lyes adatokat kezel;<span class=\"Apple-converted-space\">\u00a0<\/span><\/p><p>5. <b>\u201ec\u00edmzett\u201d: <\/b>az a term\u00e9szetes vagy jogi szem\u00e9ly, k\u00f6zhatalmi szerv, \u00fcgyn\u00f6ks\u00e9g vagy b\u00e1rmely egy\u00e9b szerv, akivel vagy amellyel a szem\u00e9lyes adatot k\u00f6zlik, f\u00fcggetlen\u00fcl att\u00f3l, hogy harmadik f\u00e9l-e. Azon k\u00f6zhatalmi szervek, amelyek egy egyedi vizsg\u00e1lat keret\u00e9ben az uni\u00f3s vagy a tag\u00e1llami joggal \u00f6sszhangban f\u00e9rhetnek hozz\u00e1 szem\u00e9lyes adatokhoz, nem min\u0151s\u00fclnek c\u00edmzettnek; az eml\u00edtett adatok e k\u00f6zhatalmi szervek \u00e1ltali kezel\u00e9se meg kell, hogy feleljen az adatkezel\u00e9s c\u00e9ljainak megfelel\u0151en az alkalmazand\u00f3 adatv\u00e9delmi szab\u00e1lyoknak;<span class=\"Apple-converted-space\">\u00a0<\/span><\/p><p>6. <b>\u201eaz \u00e9rintett hozz\u00e1j\u00e1rul\u00e1sa\u201d: <\/b>az \u00e9rintett akarat\u00e1nak \u00f6nk\u00e9ntes, konkr\u00e9t \u00e9s megfelel\u0151 t\u00e1j\u00e9koztat\u00e1son alapul\u00f3 \u00e9s egy\u00e9rtelm\u0171 kinyilv\u00e1n\u00edt\u00e1sa, amellyel az \u00e9rintett nyilatkozat vagy a meger\u0151s\u00edt\u00e9st f\u00e9lre\u00e9rthetetlen\u00fcl kifejez\u0151 cselekedet \u00fatj\u00e1n jelzi, hogy beleegyez\u00e9s\u00e9t adja az \u0151t \u00e9rint\u0151 szem\u00e9lyes adatok kezel\u00e9s\u00e9hez;<span class=\"Apple-converted-space\">\u00a0<\/span><\/p><p>7. <b>\u201eadatv\u00e9delmi incidens\u201d: <\/b>a biztons\u00e1g olyan s\u00e9r\u00fcl\u00e9se, amely a tov\u00e1bb\u00edtott, t\u00e1rolt vagy m\u00e1s m\u00f3don kezelt szem\u00e9lyes adatok v\u00e9letlen vagy jogellenes megsemmis\u00edt\u00e9s\u00e9t, elveszt\u00e9s\u00e9t, megv\u00e1ltoztat\u00e1s\u00e1t, jogosulatlan k\u00f6zl\u00e9s\u00e9t vagy az azokhoz val\u00f3 jogosulatlan hozz\u00e1f\u00e9r\u00e9st eredm\u00e9nyezi.<span class=\"Apple-converted-space\">\u00a0<\/span><\/p><p>A SZEM\u00c9LYES ADATOK KEZEL\u00c9S\u00c9RE VONATKOZ\u00d3 ELVEK<span class=\"Apple-converted-space\">\u00a0<\/span><\/p><p><b>A szem\u00e9lyes adatok:<span class=\"Apple-converted-space\">\u00a0<\/span><\/b><\/p><p>a) kezel\u00e9s\u00e9t jogszer\u0171en \u00e9s tisztess\u00e9gesen, valamint az \u00e9rintett sz\u00e1m\u00e1ra \u00e1tl\u00e1that\u00f3 m\u00f3don kell v\u00e9gezni (\u201ejogszer\u0171s\u00e9g, tisztess\u00e9ges elj\u00e1r\u00e1s \u00e9s \u00e1tl\u00e1that\u00f3s\u00e1g\u201d);<span class=\"Apple-converted-space\">\u00a0<\/span><\/p><p>b) gy\u0171jt\u00e9se csak meghat\u00e1rozott, egy\u00e9rtelm\u0171 \u00e9s jogszer\u0171 c\u00e9lb\u00f3l t\u00f6rt\u00e9njen, \u00e9s azokat ne kezelj\u00e9k ezekkel a c\u00e9lokkal \u00f6ssze nem egyeztethet\u0151 m\u00f3don; a 89. cikk (1) bekezd\u00e9s\u00e9nek megfelel\u0151en nem min\u0151s\u00fcl az eredeti c\u00e9llal \u00f6ssze nem egyeztethet\u0151nek a k\u00f6z\u00e9rdek\u0171 archiv\u00e1l\u00e1s c\u00e9lj\u00e1b\u00f3l, tudom\u00e1nyos \u00e9s t\u00f6rt\u00e9nelmi kutat\u00e1si c\u00e9lb\u00f3l vagy statisztikai c\u00e9lb\u00f3l t\u00f6rt\u00e9n\u0151 tov\u00e1bbi adatkezel\u00e9s (\u201ec\u00e9lhoz k\u00f6t\u00f6tts\u00e9g\u201d);<span class=\"Apple-converted-space\">\u00a0<\/span><\/p><p>c) az adatkezel\u00e9s c\u00e9ljai szempontj\u00e1b\u00f3l megfelel\u0151ek \u00e9s relev\u00e1nsak kell, hogy legyenek, \u00e9s a sz\u00fcks\u00e9gesre kell korl\u00e1toz\u00f3dniuk (\u201eadattakar\u00e9koss\u00e1g\u201d); <b>3<span class=\"Apple-converted-space\">\u00a0<\/span><\/b><\/p><p>d) pontosnak \u00e9s sz\u00fcks\u00e9g eset\u00e9n naprak\u00e9sznek kell lenni\u00fck; minden \u00e9szszer\u0171 int\u00e9zked\u00e9st meg kell tenni annak \u00e9rdek\u00e9ben, hogy az adatkezel\u00e9s c\u00e9ljai szempontj\u00e1b\u00f3l pontatlan szem\u00e9lyes adatokat halad\u00e9ktalanul t\u00f6r\u00f6lj\u00e9k vagy helyesb\u00edts\u00e9k (\u201epontoss\u00e1g\u201d);<span class=\"Apple-converted-space\">\u00a0<\/span><\/p><p>e) t\u00e1rol\u00e1s\u00e1nak olyan form\u00e1ban kell t\u00f6rt\u00e9nnie, amely az \u00e9rintettek azonos\u00edt\u00e1s\u00e1t csak a szem\u00e9lyes adatok kezel\u00e9se c\u00e9ljainak el\u00e9r\u00e9s\u00e9hez sz\u00fcks\u00e9ges ideig teszi lehet\u0151v\u00e9; a szem\u00e9lyes adatok enn\u00e9l hosszabb ideig t\u00f6rt\u00e9n\u0151 t\u00e1rol\u00e1s\u00e1ra csak akkor ker\u00fclhet sor, amennyiben a szem\u00e9lyes adatok kezel\u00e9s\u00e9re a 89. cikk (1) bekezd\u00e9s\u00e9nek megfelel\u0151en k\u00f6z\u00e9rdek\u0171 archiv\u00e1l\u00e1s c\u00e9lj\u00e1b\u00f3l, tudom\u00e1nyos \u00e9s t\u00f6rt\u00e9nelmi kutat\u00e1si c\u00e9lb\u00f3l vagy statisztikai c\u00e9lb\u00f3l ker\u00fcl majd sor, az e rendeletben az \u00e9rintettek jogainak \u00e9s szabads\u00e1gainak v\u00e9delme \u00e9rdek\u00e9ben el\u0151\u00edrt megfelel\u0151 technikai \u00e9s szervez\u00e9si int\u00e9zked\u00e9sek v\u00e9grehajt\u00e1s\u00e1ra is figyelemmel (\u201ekorl\u00e1tozott t\u00e1rolhat\u00f3s\u00e1g\u201d);<span class=\"Apple-converted-space\">\u00a0<\/span><\/p><p>f) kezel\u00e9s\u00e9t oly m\u00f3don kell v\u00e9gezni, hogy megfelel\u0151 technikai vagy szervez\u00e9si int\u00e9zked\u00e9sek alkalmaz\u00e1s\u00e1val biztos\u00edtva legyen a szem\u00e9lyes adatok megfelel\u0151 biztons\u00e1ga, az adatok jogosulatlan vagy jogellenes kezel\u00e9s\u00e9vel, v\u00e9letlen elveszt\u00e9s\u00e9vel, megsemmis\u00edt\u00e9s\u00e9vel vagy k\u00e1rosod\u00e1s\u00e1val szembeni v\u00e9delmet is ide\u00e9rtve (\u201eintegrit\u00e1s \u00e9s bizalmas jelleg\u201d).<span class=\"Apple-converted-space\">\u00a0<\/span><\/p><p>Az adatkezel\u0151 felel\u0151s a fentiek megfelel\u00e9s\u00e9rt, tov\u00e1bb\u00e1 k\u00e9pesnek kell lennie e megfelel\u00e9s igazol\u00e1s\u00e1ra (\u201eelsz\u00e1moltathat\u00f3s\u00e1g\u201d).<span class=\"Apple-converted-space\">\u00a0<\/span><\/p><p>Az adatkezel\u0151 nyilatkozik, hogy adatkezel\u00e9se a jelen pontban foglalt alapelveknek megfelel\u0151en t\u00f6rt\u00e9nik.<span class=\"Apple-converted-space\">\u00a0<\/span><\/p><p>ADATKEZEL\u00c9SEK<span class=\"Apple-converted-space\">\u00a0<\/span><\/p><p>A honlap megtekint\u00e9se sor\u00e1n automatikusan r\u00f6gz\u00edt\u00e9sre ker\u00fcl a felhaszn\u00e1l\u00f3 l\u00e1togat\u00e1s\u00e1nak kezd\u0151 \u00e9s befejez\u0151 id\u0151pontja, illetve egyes esetekben \u2013 a felhaszn\u00e1l\u00f3 sz\u00e1m\u00edt\u00f3g\u00e9p\u00e9nek be\u00e1ll\u00edt\u00e1s\u00e1t\u00f3l f\u00fcgg\u0151en \u2013 a b\u00f6ng\u00e9sz\u0151 \u00e9s az oper\u00e1ci\u00f3s rendszer t\u00edpusa. Ezen adatokb\u00f3l a rendszer automatikusan statisztikai adatokat gener\u00e1l.<span class=\"Apple-converted-space\">\u00a0<\/span><\/p><p>ON-LINE REGISZTR\u00c1CI\u00d3<span class=\"Apple-converted-space\">\u00a0<\/span><\/p><p>A weboldalon kereszt\u00fcl a l\u00e1togat\u00f3knak lehet\u0151s\u00e9g\u00fck van regisztr\u00e1lni az oldalra, melyen kereszt\u00fcl ig\u00e9nybe vehetik a honlap egyes oldalainak hozz\u00e1sz\u00f3l\u00e1s szolg\u00e1ltat\u00e1s\u00e1t. A regisztr\u00e1ci\u00f3 el\u00e9rhet\u0151s\u00e9ge: https:\/\/6pekk.hu\/register\/<span class=\"Apple-converted-space\">\u00a0<\/span><\/p><table cellspacing=\"0\" cellpadding=\"0\"><tbody><tr><td valign=\"top\"><p><b>1. Az adatgy\u0171jt\u00e9s t\u00e9nye, a kezelt adatok k\u00f6re \u00e9s az adatkezel\u00e9s c\u00e9lja: <\/b><b>Szem\u00e9lyes adat<span class=\"Apple-converted-space\">\u00a0<\/span><\/b><\/p><\/td><td valign=\"top\"><p><b>Az adatkezel\u00e9s c\u00e9lja<span class=\"Apple-converted-space\">\u00a0<\/span><\/b><\/p><\/td><\/tr><tr><td valign=\"top\"><p>Felhaszn\u00e1l\u00f3 n\u00e9v<span class=\"Apple-converted-space\">\u00a0<\/span><\/p><\/td><td valign=\"top\"><p>Felhaszn\u00e1l\u00f3i azonos\u00edt\u00e1shoz sz\u00fcks\u00e9ges<span class=\"Apple-converted-space\">\u00a0<\/span><\/p><\/td><\/tr><tr><td valign=\"top\"><p>Password<span class=\"Apple-converted-space\">\u00a0<\/span><\/p><\/td><td valign=\"top\"><p>Felhaszn\u00e1l\u00f3i azonos\u00edt\u00e1shoz sz\u00fcks\u00e9ges<span class=\"Apple-converted-space\">\u00a0<\/span><\/p><\/td><\/tr><\/tbody><\/table>\t\t\t\t\t\t<\/div>\n\t\t\t\t<\/div>\n\t\t\t\t\t<\/div>\n\t\t\t\t<\/div>\n\t\t\t\t<\/div>","protected":false},"excerpt":{"rendered":"<p>1\u00a0 ADATV\u00c9DELMI T\u00c1J\u00c9KOZTAT\u00d3 BEVEZET\u00c9S Tekeres S\u00e1ndor Csaba E.V. (sz\u00e9khely: 2454 Iv\u00e1ncsa, F\u0151 u. 170., ad\u00f3sz\u00e1m: 53670827-1-27, e-mail: tekerescsabi@gmail.com, telefon: +36(30)3600-823) (a tov\u00e1bbiakban: Szolg\u00e1ltat\u00f3, adatkezel\u0151) al\u00e1 veti mag\u00e1t a k\u00f6vetkez\u0151 t\u00e1j\u00e9koztat\u00f3nak. A term\u00e9szetes szem\u00e9lyeknek a szem\u00e9lyes adatok kezel\u00e9se tekintet\u00e9ben t\u00f6rt\u00e9n\u0151 v\u00e9delm\u00e9r\u0151l \u00e9s az ilyen adatok szabad \u00e1raml\u00e1s\u00e1r\u00f3l, valamint a 95\/46\/EK rendelet hat\u00e1lyon k\u00edv\u00fcl helyez\u00e9s\u00e9r\u0151l (\u00e1ltal\u00e1nos adatv\u00e9delmi [&hellip;]<\/p>","protected":false},"author":2,"featured_media":0,"parent":0,"menu_order":0,"comment_status":"closed","ping_status":"open","template":"","meta":{"pmpro_default_level":"","_uag_custom_page_level_css":"","site-sidebar-layout":"default","site-content-layout":"","ast-site-content-layout":"default","site-content-style":"default","site-sidebar-style":"default","ast-global-header-display":"","ast-banner-title-visibility":"","ast-main-header-display":"","ast-hfb-above-header-display":"","ast-hfb-below-header-display":"","ast-hfb-mobile-header-display":"","site-post-title":"","ast-breadcrumbs-content":"","ast-featured-img":"","footer-sml-layout":"","theme-transparent-header-meta":"default","adv-header-id-meta":"","stick-header-meta":"","header-above-stick-meta":"","header-main-stick-meta":"","header-below-stick-meta":"","astra-migrate-meta-layouts":"set","ast-page-background-enabled":"default","ast-page-background-meta":{"desktop":{"background-color":"var(--ast-global-color-4)","background-image":"","background-repeat":"repeat","background-position":"center center","background-size":"auto","background-attachment":"scroll","background-type":"","background-media":"","overlay-type":"","overlay-color":"","overlay-gradient":""},"tablet":{"background-color":"","background-image":"","background-repeat":"repeat","background-position":"center center","background-size":"auto","background-attachment":"scroll","background-type":"","background-media":"","overlay-type":"","overlay-color":"","overlay-gradient":""},"mobile":{"background-color":"","background-image":"","background-repeat":"repeat","background-position":"center center","background-size":"auto","background-attachment":"scroll","background-type":"","background-media":"","overlay-type":"","overlay-color":"","overlay-gradient":""}},"ast-content-background-meta":{"desktop":{"background-color":"var(--ast-global-color-5)","background-image":"","background-repeat":"repeat","background-position":"center center","background-size":"auto","background-attachment":"scroll","background-type":"","background-media":"","overlay-type":"","overlay-color":"","overlay-gradient":""},"tablet":{"background-color":"var(--ast-global-color-5)","background-image":"","background-repeat":"repeat","background-position":"center center","background-size":"auto","background-attachment":"scroll","background-type":"","background-media":"","overlay-type":"","overlay-color":"","overlay-gradient":""},"mobile":{"background-color":"var(--ast-global-color-5)","background-image":"","background-repeat":"repeat","background-position":"center center","background-size":"auto","background-attachment":"scroll","background-type":"","background-media":"","overlay-type":"","overlay-color":"","overlay-gradient":""}},"footnotes":""},"class_list":["post-2490","page","type-page","status-publish","hentry","pmpro-has-access"],"uagb_featured_image_src":{"full":false,"thumbnail":false,"medium":false,"medium_large":false,"large":false,"1536x1536":false,"2048x2048":false,"trp-custom-language-flag":false},"uagb_author_info":{"display_name":"Bandor93","author_link":"https:\/\/6pekk.hu\/en\/author\/bandor93\/"},"uagb_comment_info":0,"uagb_excerpt":"1\u00a0 ADATV\u00c9DELMI T\u00c1J\u00c9KOZTAT\u00d3 BEVEZET\u00c9S Tekeres S\u00e1ndor Csaba E.V. (sz\u00e9khely: 2454 Iv\u00e1ncsa, F\u0151 u. 170., ad\u00f3sz\u00e1m: 53670827-1-27, e-mail: tekerescsabi@gmail.com, telefon: +36(30)3600-823) (a tov\u00e1bbiakban: Szolg\u00e1ltat\u00f3, adatkezel\u0151) al\u00e1 veti mag\u00e1t a k\u00f6vetkez\u0151 t\u00e1j\u00e9koztat\u00f3nak. A term\u00e9szetes szem\u00e9lyeknek a szem\u00e9lyes adatok kezel\u00e9se tekintet\u00e9ben t\u00f6rt\u00e9n\u0151 v\u00e9delm\u00e9r\u0151l \u00e9s az ilyen adatok szabad \u00e1raml\u00e1s\u00e1r\u00f3l, valamint a 95\/46\/EK rendelet hat\u00e1lyon k\u00edv\u00fcl helyez\u00e9s\u00e9r\u0151l (\u00e1ltal\u00e1nos adatv\u00e9delmi&hellip;","_links":{"self":[{"href":"https:\/\/6pekk.hu\/en\/wp-json\/wp\/v2\/pages\/2490","targetHints":{"allow":["GET"]}}],"collection":[{"href":"https:\/\/6pekk.hu\/en\/wp-json\/wp\/v2\/pages"}],"about":[{"href":"https:\/\/6pekk.hu\/en\/wp-json\/wp\/v2\/types\/page"}],"author":[{"embeddable":true,"href":"https:\/\/6pekk.hu\/en\/wp-json\/wp\/v2\/users\/2"}],"replies":[{"embeddable":true,"href":"https:\/\/6pekk.hu\/en\/wp-json\/wp\/v2\/comments?post=2490"}],"version-history":[{"count":5,"href":"https:\/\/6pekk.hu\/en\/wp-json\/wp\/v2\/pages\/2490\/revisions"}],"predecessor-version":[{"id":2495,"href":"https:\/\/6pekk.hu\/en\/wp-json\/wp\/v2\/pages\/2490\/revisions\/2495"}],"wp:attachment":[{"href":"https:\/\/6pekk.hu\/en\/wp-json\/wp\/v2\/media?parent=2490"}],"curies":[{"name":"wp","href":"https:\/\/api.w.org\/{rel}","templated":true}]}}